{"id":756,"date":"2018-09-03T20:43:56","date_gmt":"2018-09-03T19:43:56","guid":{"rendered":"http:\/\/www.ibros.fr\/?page_id=756"},"modified":"2020-08-30T03:17:18","modified_gmt":"2020-08-30T02:17:18","slug":"ib-clean","status":"publish","type":"page","link":"https:\/\/www.ibros.fr\/?page_id=756","title":{"rendered":"ib clean"},"content":{"rendered":"<p>[et_pb_section fb_built=\u00a0\u00bb1&Prime; _builder_version=\u00a0\u00bb3.17.6&Prime; background_image=\u00a0\u00bbhttps:\/\/www.ibros.fr\/wp-content\/uploads\/2018\/09\/Untitled-design22.png\u00a0\u00bb parallax=\u00a0\u00bbon\u00a0\u00bb custom_padding=\u00a0\u00bb50.75px|0px|3px|0px|false|false\u00a0\u00bb top_divider_color=\u00a0\u00bb#ffffff\u00a0\u00bb top_divider_height=\u00a0\u00bb51px\u00a0\u00bb bottom_divider_style=\u00a0\u00bbasymmetric\u00a0\u00bb bottom_divider_color=\u00a0\u00bb#9e9e9e\u00a0\u00bb bottom_divider_height=\u00a0\u00bb28px\u00a0\u00bb bottom_divider_flip=\u00a0\u00bbvertical|horizontal\u00a0\u00bb global_module=\u00a0\u00bb47256&Prime;][et_pb_row _builder_version=\u00a0\u00bb3.25&Prime;][et_pb_column type=\u00a0\u00bb4_4&Prime; _builder_version=\u00a0\u00bb3.25&Prime; custom_padding=\u00a0\u00bb|||\u00a0\u00bb custom_padding__hover=\u00a0\u00bb|||\u00a0\u00bb][et_pb_text _builder_version=\u00a0\u00bb3.27.4&Prime; text_font=\u00a0\u00bb|800|||||||\u00a0\u00bb header_font=\u00a0\u00bbSource Sans Pro|800|||||||\u00a0\u00bb header_text_color=\u00a0\u00bbrgba(0,0,0,0.36)\u00a0\u00bb border_radii=\u00a0\u00bbon|13px|13px|13px|13px\u00a0\u00bb border_color_all=\u00a0\u00bb#0c71c3&Prime; border_style_all=\u00a0\u00bbridge\u00a0\u00bb]<\/p>\n<h1 style=\"text-align: center;\">Pourquoi Nettoyer son Mac?<\/h1>\n<p>[\/et_pb_text][\/et_pb_column][\/et_pb_row][et_pb_row column_structure=\u00a0\u00bb1_2,1_2&Prime; _builder_version=\u00a0\u00bb3.25&Prime; custom_padding=\u00a0\u00bb24.9167px|0px|0|0px|false|false\u00a0\u00bb][et_pb_column type=\u00a0\u00bb1_2&Prime; _builder_version=\u00a0\u00bb3.25&Prime; custom_padding=\u00a0\u00bb|||\u00a0\u00bb custom_padding__hover=\u00a0\u00bb|||\u00a0\u00bb][et_pb_blurb title=\u00a0\u00bbMac users qui souhaitent gagner en performances et long\u00e9vit\u00e9\u00a0\u00bb _builder_version=\u00a0\u00bb3.17.6&Prime; header_font=\u00a0\u00bbSource Sans Pro|800|||||||\u00a0\u00bb header_text_align=\u00a0\u00bbcenter\u00a0\u00bb header_text_color=\u00a0\u00bbrgba(0,0,0,0.36)\u00a0\u00bb header_font_size=\u00a0\u00bb27px\u00a0\u00bb body_font=\u00a0\u00bbSource Sans Pro|700|||||||\u00a0\u00bb body_text_color=\u00a0\u00bb#0c71c3&Prime; body_font_size=\u00a0\u00bb18px\u00a0\u00bb body_letter_spacing=\u00a0\u00bb1px\u00a0\u00bb text_orientation=\u00a0\u00bbcenter\u00a0\u00bb animation_style=\u00a0\u00bbzoom\u00a0\u00bb border_radii=\u00a0\u00bbon|4px|4px|4px|4px\u00a0\u00bb]<\/p>\n<p style=\"text-align: left;\"><b>\u00a0Nettoyer l&rsquo;int\u00e9rieur du Mac Permet en grande partie de d\u00e9crasser les\u00a0ventilateurs interne. Un ventilateur poussi\u00e9reux risque de surchauffer le processeur donc ralentir votre Mac.<\/b><\/p>\n<p style=\"text-align: center;\"><a href=\"\/a%20propos\">Ibros<\/a>, sp\u00e9cialiste Apple vous accompagne.<\/p>\n<p>[\/et_pb_blurb][et_pb_blurb title=\u00a0\u00bbMac users soucieux de l&rsquo;aspect de leur Mac\u00a0\u00bb _builder_version=\u00a0\u00bb3.17.6&Prime; header_font=\u00a0\u00bbSource Sans Pro|800|||||||\u00a0\u00bb header_text_align=\u00a0\u00bbcenter\u00a0\u00bb header_text_color=\u00a0\u00bbrgba(0,0,0,0.36)\u00a0\u00bb header_font_size=\u00a0\u00bb27px\u00a0\u00bb body_font=\u00a0\u00bbSource Sans Pro|700|||||||\u00a0\u00bb body_text_color=\u00a0\u00bb#0c71c3&Prime; body_font_size=\u00a0\u00bb18px\u00a0\u00bb body_letter_spacing=\u00a0\u00bb1px\u00a0\u00bb text_orientation=\u00a0\u00bbcenter\u00a0\u00bb custom_padding=\u00a0\u00bb||0px\u00a0\u00bb animation_style=\u00a0\u00bbzoom\u00a0\u00bb border_radii=\u00a0\u00bbon|4px|4px|4px|4px\u00a0\u00bb header_text_color__hover_enabled=\u00a0\u00bbon\u00a0\u00bb header_text_color__hover=\u00a0\u00bb#0c71c3&Prime;]<\/p>\n<ul>\n<li>Les utilisateurs qui souhaitent revendre leur Mac<\/li>\n<li>Les utilisateurs soucieux d&rsquo;un produit comme neuf<\/li>\n<\/ul>\n<p style=\"text-align: center;\"><a href=\"\/a%20propos\">Ibros<\/a>, Sp\u00e9cialiste Apple vous accompagne.<\/p>\n<p>[\/et_pb_blurb][\/et_pb_column][et_pb_column type=\u00a0\u00bb1_2&Prime; _builder_version=\u00a0\u00bb3.25&Prime; custom_padding=\u00a0\u00bb|||\u00a0\u00bb custom_padding__hover=\u00a0\u00bb|||\u00a0\u00bb][et_pb_counters _builder_version=\u00a0\u00bb3.17.6&Prime; title_font=\u00a0\u00bbSource Sans Pro||||||||\u00a0\u00bb title_text_color=\u00a0\u00bbrgba(0,0,0,0.36)\u00a0\u00bb percent_font=\u00a0\u00bbSource Sans Pro||||||||\u00a0\u00bb percent_text_color=\u00a0\u00bbrgba(0,0,0,0.36)\u00a0\u00bb animation_style=\u00a0\u00bbfade\u00a0\u00bb][et_pb_counter percent=\u00a0\u00bb80&Prime; bar_background_color=\u00a0\u00bb#0c71c3&Prime; _builder_version=\u00a0\u00bb3.12.1&Prime; background_color=\u00a0\u00bb#ffffff\u00a0\u00bb background_enable_color_default=\u00a0\u00bbon\u00a0\u00bb parallax_default=\u00a0\u00bboff\u00a0\u00bb parallax_method_default=\u00a0\u00bbon\u00a0\u00bb bar_background_color_default=\u00a0\u00bb#2ea3f2&Prime; use_percentages=\u00a0\u00bbon\u00a0\u00bb allow_player_pause_default=\u00a0\u00bboff\u00a0\u00bb]Gain en fluidit\u00e9 graphique[\/et_pb_counter][et_pb_counter percent=\u00a0\u00bb90&Prime; bar_background_color=\u00a0\u00bb#0c71c3&Prime; _builder_version=\u00a0\u00bb3.12.1&Prime; background_enable_color_default=\u00a0\u00bbon\u00a0\u00bb parallax_default=\u00a0\u00bboff\u00a0\u00bb parallax_method_default=\u00a0\u00bbon\u00a0\u00bb bar_background_color_default=\u00a0\u00bb#2ea3f2&Prime; use_percentages=\u00a0\u00bbon\u00a0\u00bb allow_player_pause_default=\u00a0\u00bboff\u00a0\u00bb]Gain en rapidit\u00e9 d&rsquo;utilisation de logiciels pro[\/et_pb_counter][et_pb_counter percent=\u00a0\u00bb85&Prime; bar_background_color=\u00a0\u00bb#0c71c3&Prime; _builder_version=\u00a0\u00bb3.12.1&Prime; border_style_all=\u00a0\u00bbgroove\u00a0\u00bb background_enable_color_default=\u00a0\u00bbon\u00a0\u00bb parallax_default=\u00a0\u00bboff\u00a0\u00bb parallax_method_default=\u00a0\u00bbon\u00a0\u00bb bar_background_color_default=\u00a0\u00bb#2ea3f2&Prime; use_percentages=\u00a0\u00bbon\u00a0\u00bb allow_player_pause_default=\u00a0\u00bboff\u00a0\u00bb]Gain en rapidit\u00e9 d&rsquo;utilisation courante[\/et_pb_counter][et_pb_counter percent=\u00a0\u00bb100&Prime; _builder_version=\u00a0\u00bb3.17.6&Prime; background_enable_color_default=\u00a0\u00bbon\u00a0\u00bb parallax_default=\u00a0\u00bboff\u00a0\u00bb parallax_method_default=\u00a0\u00bbon\u00a0\u00bb bar_background_color_default=\u00a0\u00bb#2ea3f2&Prime; use_percentages=\u00a0\u00bbon\u00a0\u00bb allow_player_pause_default=\u00a0\u00bboff\u00a0\u00bb]<\/p>\n<p>Ventilateurs poussi\u00e9reux<\/p>\n<p>[\/et_pb_counter][\/et_pb_counters][et_pb_circle_counter title=\u00a0\u00bbRecommandation Probl\u00e8me Esth\u00e9tique\u00a0\u00bb number=\u00a0\u00bb100&Prime; circle_color_alpha=\u00a0\u00bb1&Prime; _builder_version=\u00a0\u00bb3.17.6&Prime; title_font=\u00a0\u00bbSource Sans Pro||||||||\u00a0\u00bb title_text_color=\u00a0\u00bbrgba(0,0,0,0.34)\u00a0\u00bb max_width=\u00a0\u00bb34%\u00a0\u00bb max_width_tablet=\u00a0\u00bb\u00a0\u00bb max_width_phone=\u00a0\u00bb\u00a0\u00bb max_width_last_edited=\u00a0\u00bbon|phone\u00a0\u00bb custom_margin=\u00a0\u00bb||\u00a0\u00bb custom_padding=\u00a0\u00bb||100px\u00a0\u00bb title_text_color__hover_enabled=\u00a0\u00bbon\u00a0\u00bb title_text_color__hover=\u00a0\u00bbrgba(0,0,0,0.87)\u00a0\u00bb][\/et_pb_circle_counter][\/et_pb_column][\/et_pb_row][et_pb_row _builder_version=\u00a0\u00bb3.29.3&Prime;][et_pb_column type=\u00a0\u00bb4_4&Prime; _builder_version=\u00a0\u00bb3.29.3&Prime;][\/et_pb_column][\/et_pb_row][\/et_pb_section][et_pb_section fb_built=\u00a0\u00bb1&Prime; _builder_version=\u00a0\u00bb3.22&Prime; background_color=\u00a0\u00bb#ffffff\u00a0\u00bb custom_padding=\u00a0\u00bb3px|0px|11px|0px|false|false\u00a0\u00bb][et_pb_row _builder_version=\u00a0\u00bb3.25&Prime; custom_padding=\u00a0\u00bb31px|0px|25.6px|0px|false|false\u00a0\u00bb column_structure=\u00a0\u00bb1_4,3_4&Prime;][et_pb_column type=\u00a0\u00bb1_4&Prime; _builder_version=\u00a0\u00bb3.25&Prime; custom_padding=\u00a0\u00bb|||\u00a0\u00bb custom_padding__hover=\u00a0\u00bb|||\u00a0\u00bb][et_pb_text _builder_version=\u00a0\u00bb3.27.4&Prime; text_font=\u00a0\u00bb|700|||||||\u00a0\u00bb text_text_color=\u00a0\u00bb#6b6b6b\u00a0\u00bb header_font=\u00a0\u00bb|700|||||||\u00a0\u00bb header_text_color=\u00a0\u00bb#0c71c3&Prime;]<\/p>\n<h1 style=\"text-align: justify;\">Ventilateur interne obstru\u00e9<\/h1>\n<h1 style=\"text-align: justify;\"><\/h1>\n<h2 style=\"text-align: justify;\">Ventilateur interne poussi\u00e9reux<\/h2>\n<p>Nous avons ici la repr\u00e9sentation d&rsquo;un ventilateur encrass\u00e9 de poussi\u00e8re. Le ventilateur se met donc en fonctionnement d\u00e8s que le CPU est sollicit\u00e9. Lui m\u00eame expos\u00e9 \u00e0 une forte chaleur du \u00e0 une\u00a0 ventilation interne d\u00e9faillante, pourrait vous l\u00e2cher plus t\u00f4t que pr\u00e9vu&#8230; Nous nettoyons vos ventilateurs en les d\u00e9montant compl\u00e8tement. Les voies d&rsquo;a\u00e9rations les pi\u00e8ces et leurs connecteurs \u00e9galement.<\/p>\n<p>[\/et_pb_text][\/et_pb_column][et_pb_column type=\u00a0\u00bb3_4&Prime; _builder_version=\u00a0\u00bb3.25&Prime; custom_padding=\u00a0\u00bb|||\u00a0\u00bb custom_padding__hover=\u00a0\u00bb|||\u00a0\u00bb][et_pb_image src=\u00a0\u00bbhttps:\/\/www.ibros.fr\/wp-content\/uploads\/2018\/09\/IB.jpg\u00a0\u00bb align_tablet=\u00a0\u00bbcenter\u00a0\u00bb align_last_edited=\u00a0\u00bbon|desktop\u00a0\u00bb _builder_version=\u00a0\u00bb3.23&Prime;][\/et_pb_image][\/et_pb_column][\/et_pb_row][\/et_pb_section][et_pb_section fb_built=\u00a0\u00bb1&Prime; _builder_version=\u00a0\u00bb3.22&Prime; background_color=\u00a0\u00bb#ffffff\u00a0\u00bb custom_padding=\u00a0\u00bb5px|0px|12px|0px|false|false\u00a0\u00bb][et_pb_row _builder_version=\u00a0\u00bb3.25&Prime; column_structure=\u00a0\u00bb1_3,2_3&Prime;][et_pb_column type=\u00a0\u00bb1_3&Prime; _builder_version=\u00a0\u00bb3.25&Prime; custom_padding=\u00a0\u00bb|||\u00a0\u00bb custom_padding__hover=\u00a0\u00bb|||\u00a0\u00bb][et_pb_text _builder_version=\u00a0\u00bb3.27.4&Prime; text_font=\u00a0\u00bb|700|||||||\u00a0\u00bb text_text_color=\u00a0\u00bb#6b6b6b\u00a0\u00bb header_font=\u00a0\u00bb|700|||||||\u00a0\u00bb header_text_color=\u00a0\u00bb#0c71c3&Prime;]<\/p>\n<h1><strong>Nettoyage interne et externe de votre \u00e9cran<\/strong><\/h1>\n<h2><strong><\/strong><\/h2>\n<h2>Finition du nettoyage de votre Mac<\/h2>\n<p>Troisi\u00e8me et derni\u00e8re \u00e9tape, votre \u00e9cran. Nous nous assurons de ne pas laisser de traces de doigts sur votre \u00e9cran apr\u00e8s le nettoyage complet de votre machine. Nettoyer l&rsquo;\u00e9cran permet aussi de r\u00e9v\u00e9ler un \u00e9ventuel d\u00e9faut de rev\u00eatement R\u00e9tina.<\/p>\n<p>Certains mod\u00e8les iMac peuvent laisser s&rsquo;infiltrer la poussi\u00e8re juste derri\u00e8re la vitre et d\u00e9ranger votre confort visuel.<\/p>\n<p>[\/et_pb_text][\/et_pb_column][et_pb_column type=\u00a0\u00bb2_3&Prime; _builder_version=\u00a0\u00bb3.25&Prime; custom_padding=\u00a0\u00bb|||\u00a0\u00bb custom_padding__hover=\u00a0\u00bb|||\u00a0\u00bb][et_pb_image src=\u00a0\u00bbhttps:\/\/www.ibros.fr\/wp-content\/uploads\/2018\/09\/IB-CLEAN-4.jpg\u00a0\u00bb align_tablet=\u00a0\u00bbcenter\u00a0\u00bb align_last_edited=\u00a0\u00bbon|desktop\u00a0\u00bb _builder_version=\u00a0\u00bb3.23&Prime;][\/et_pb_image][\/et_pb_column][\/et_pb_row][et_pb_row _builder_version=\u00a0\u00bb3.25&Prime;][et_pb_column type=\u00a0\u00bb4_4&Prime; _builder_version=\u00a0\u00bb3.25&Prime; custom_padding=\u00a0\u00bb|||\u00a0\u00bb custom_padding__hover=\u00a0\u00bb|||\u00a0\u00bb][et_pb_text _builder_version=\u00a0\u00bb3.27.4&Prime; header_font=\u00a0\u00bb|800|||||||\u00a0\u00bb header_text_color=\u00a0\u00bb#0c71c3&Prime;]<\/p>\n<h1 style=\"text-align: center;\">D\u00e9couvrez nos offres de nettoyage iMac et nettoyage Macbook Pro, Macbook Air, en Guadeloupe.<\/h1>\n<p>[\/et_pb_text][\/et_pb_column][\/et_pb_row][\/et_pb_section][et_pb_section fb_built=\u00a0\u00bb1&Prime; _builder_version=\u00a0\u00bb3.17.6&Prime; custom_padding=\u00a0\u00bb50.75px|0px|39px|0px|false|false\u00a0\u00bb global_module=\u00a0\u00bb47247&Prime;][et_pb_row column_structure=\u00a0\u00bb1_4,1_4,1_4,1_4&Prime; use_custom_gutter=\u00a0\u00bbon\u00a0\u00bb gutter_width=\u00a0\u00bb1&Prime; make_equal=\u00a0\u00bbon\u00a0\u00bb _builder_version=\u00a0\u00bb3.25&Prime; background_color=\u00a0\u00bb#2e3858&Prime; custom_margin=\u00a0\u00bb5vw||5vw||true\u00a0\u00bb custom_padding=\u00a0\u00bb0px||0px||true\u00a0\u00bb use_custom_width=\u00a0\u00bbon\u00a0\u00bb][et_pb_column type=\u00a0\u00bb1_4&Prime; _builder_version=\u00a0\u00bb3.25&Prime; custom_padding=\u00a0\u00bb|||\u00a0\u00bb custom_padding__hover=\u00a0\u00bb|||\u00a0\u00bb][et_pb_blurb title=\u00a0\u00bbConfidentialit\u00e9\u00a0\u00bb use_icon=\u00a0\u00bbon\u00a0\u00bb font_icon=\u00a0\u00bb%%228%%\u00a0\u00bb icon_color=\u00a0\u00bb#ffffff\u00a0\u00bb _builder_version=\u00a0\u00bb3.17.6&Prime; header_font=\u00a0\u00bbSource Sans Pro|||on|||||\u00a0\u00bb header_text_color=\u00a0\u00bb#ffffff\u00a0\u00bb header_letter_spacing=\u00a0\u00bb2px\u00a0\u00bb body_font=\u00a0\u00bb||||||||\u00a0\u00bb body_text_color=\u00a0\u00bb#ffffff\u00a0\u00bb background_color=\u00a0\u00bb#1f4287&Prime; custom_margin=\u00a0\u00bb-5vw||-5vw||true\u00a0\u00bb custom_margin_tablet=\u00a0\u00bb0px||0px||true\u00a0\u00bb custom_margin_phone=\u00a0\u00bb\u00a0\u00bb custom_margin_last_edited=\u00a0\u00bbon|tablet\u00a0\u00bb custom_padding=\u00a0\u00bb5vw|3vw|5vw|3vw|true|true\u00a0\u00bb box_shadow_style=\u00a0\u00bbpreset1&Prime; box_shadow_blur=\u00a0\u00bb80px\u00a0\u00bb]<\/p>\n<p>iBros autant qu&rsquo;Apple prend au s\u00e9rieux la Confidentialit\u00e9 des vos donn\u00e9es.<\/p>\n<p>[\/et_pb_blurb][\/et_pb_column][et_pb_column type=\u00a0\u00bb1_4&Prime; _builder_version=\u00a0\u00bb3.25&Prime; custom_padding=\u00a0\u00bb|||\u00a0\u00bb custom_padding__hover=\u00a0\u00bb|||\u00a0\u00bb][et_pb_blurb title=\u00a0\u00bbMot de passe reste secret\u00a0\u00bb use_icon=\u00a0\u00bbon\u00a0\u00bb font_icon=\u00a0\u00bb%%95%%\u00a0\u00bb icon_placement=\u00a0\u00bbleft\u00a0\u00bb _builder_version=\u00a0\u00bb3.17.6&Prime; header_font=\u00a0\u00bb||||||||\u00a0\u00bb header_text_color=\u00a0\u00bb#ffffff\u00a0\u00bb custom_padding=\u00a0\u00bb20px|3px|20px|3px|true|true\u00a0\u00bb][\/et_pb_blurb][et_pb_blurb title=\u00a0\u00bbR\u00e9paration devant vous\u00a0\u00bb use_icon=\u00a0\u00bbon\u00a0\u00bb font_icon=\u00a0\u00bb%%173%%\u00a0\u00bb icon_placement=\u00a0\u00bbleft\u00a0\u00bb _builder_version=\u00a0\u00bb3.17.6&Prime; header_font=\u00a0\u00bb||||||||\u00a0\u00bb header_text_color=\u00a0\u00bb#ffffff\u00a0\u00bb custom_padding=\u00a0\u00bb20px|3px|20px|3px|true|true\u00a0\u00bb][\/et_pb_blurb][et_pb_blurb title=\u00a0\u00bbTransparence de la proc\u00e9dure \u00a0\u00bb use_icon=\u00a0\u00bbon\u00a0\u00bb font_icon=\u00a0\u00bb%%168%%\u00a0\u00bb icon_placement=\u00a0\u00bbleft\u00a0\u00bb _builder_version=\u00a0\u00bb3.17.6&Prime; header_font=\u00a0\u00bb||||||||\u00a0\u00bb header_text_color=\u00a0\u00bb#ffffff\u00a0\u00bb custom_padding=\u00a0\u00bb20px|3px|20px|3px|true|true\u00a0\u00bb][\/et_pb_blurb][\/et_pb_column][et_pb_column type=\u00a0\u00bb1_4&Prime; _builder_version=\u00a0\u00bb3.25&Prime; custom_padding=\u00a0\u00bb|||\u00a0\u00bb custom_padding__hover=\u00a0\u00bb|||\u00a0\u00bb][et_pb_blurb title=\u00a0\u00bbConfidentialit\u00e9\u00a0\u00bb use_icon=\u00a0\u00bbon\u00a0\u00bb font_icon=\u00a0\u00bb%%71%%\u00a0\u00bb icon_color=\u00a0\u00bb#ffffff\u00a0\u00bb _builder_version=\u00a0\u00bb3.17.6&Prime; header_font=\u00a0\u00bbSource Sans Pro|||on|||||\u00a0\u00bb header_text_color=\u00a0\u00bb#ffffff\u00a0\u00bb header_letter_spacing=\u00a0\u00bb2px\u00a0\u00bb body_font=\u00a0\u00bb||||||||\u00a0\u00bb body_text_color=\u00a0\u00bb#ffffff\u00a0\u00bb background_color=\u00a0\u00bb#509aaf\u00a0\u00bb custom_margin=\u00a0\u00bb-5vw||-5vw||true\u00a0\u00bb custom_margin_tablet=\u00a0\u00bb0px||0px||true\u00a0\u00bb custom_margin_phone=\u00a0\u00bb\u00a0\u00bb custom_margin_last_edited=\u00a0\u00bbon|tablet\u00a0\u00bb custom_padding=\u00a0\u00bb5vw|3vw|5vw|3vw|true|true\u00a0\u00bb box_shadow_style=\u00a0\u00bbpreset1&Prime; box_shadow_blur=\u00a0\u00bb80px\u00a0\u00bb locked=\u00a0\u00bboff\u00a0\u00bb]<\/p>\n<p>Les transferts de vos\u00a0donn\u00e9es, s&rsquo;effectuent sur votre disque dur externe en votre pr\u00e9sence.<\/p>\n<p>[\/et_pb_blurb][\/et_pb_column][et_pb_column type=\u00a0\u00bb1_4&Prime; _builder_version=\u00a0\u00bb3.25&Prime; custom_padding=\u00a0\u00bb|||\u00a0\u00bb custom_padding__hover=\u00a0\u00bb|||\u00a0\u00bb][et_pb_blurb title=\u00a0\u00bbVos donn\u00e9es restent votre propri\u00e9t\u00e9\u00a0\u00bb use_icon=\u00a0\u00bbon\u00a0\u00bb font_icon=\u00a0\u00bb%%95%%\u00a0\u00bb icon_placement=\u00a0\u00bbleft\u00a0\u00bb _builder_version=\u00a0\u00bb3.17.6&Prime; header_font=\u00a0\u00bb||||||||\u00a0\u00bb header_text_color=\u00a0\u00bb#ffffff\u00a0\u00bb custom_padding=\u00a0\u00bb20px|3px|20px|3px|true|true\u00a0\u00bb][\/et_pb_blurb][et_pb_blurb title=\u00a0\u00bbTransfert devant vous\u00a0\u00bb use_icon=\u00a0\u00bbon\u00a0\u00bb font_icon=\u00a0\u00bb%%173%%\u00a0\u00bb icon_placement=\u00a0\u00bbleft\u00a0\u00bb _builder_version=\u00a0\u00bb3.17.6&Prime; header_font=\u00a0\u00bb||||||||\u00a0\u00bb header_text_color=\u00a0\u00bb#ffffff\u00a0\u00bb custom_padding=\u00a0\u00bb20px|3px|20px|3px|true|true\u00a0\u00bb][\/et_pb_blurb][et_pb_blurb title=\u00a0\u00bbTransparence de la proc\u00e9dure \u00a0\u00bb use_icon=\u00a0\u00bbon\u00a0\u00bb font_icon=\u00a0\u00bb%%168%%\u00a0\u00bb icon_placement=\u00a0\u00bbleft\u00a0\u00bb _builder_version=\u00a0\u00bb3.17.6&Prime; header_font=\u00a0\u00bb||||||||\u00a0\u00bb header_text_color=\u00a0\u00bb#ffffff\u00a0\u00bb custom_padding=\u00a0\u00bb20px|3px|20px|3px|true|true\u00a0\u00bb][\/et_pb_blurb][\/et_pb_column][\/et_pb_row][\/et_pb_section]<\/p>\n","protected":false},"excerpt":{"rendered":"<p>Pourquoi Nettoyer son Mac?\u00a0Nettoyer l&rsquo;int\u00e9rieur du Mac Permet en grande partie de d\u00e9crasser les\u00a0ventilateurs interne. Un ventilateur poussi\u00e9reux risque de surchauffer le processeur donc ralentir votre Mac. Ibros, sp\u00e9cialiste Apple vous accompagne. Les utilisateurs qui souhaitent revendre leur Mac Les utilisateurs soucieux d&rsquo;un produit comme neuf Ibros, Sp\u00e9cialiste Apple vous accompagne.Gain en fluidit\u00e9 graphiqueGain en [&hellip;]<\/p>\n","protected":false},"author":1,"featured_media":0,"parent":0,"menu_order":0,"comment_status":"closed","ping_status":"closed","template":"","meta":{"_et_pb_use_builder":"on","_et_pb_old_content":"","_et_gb_content_width":"","footnotes":""},"class_list":["post-756","page","type-page","status-publish","hentry"],"yoast_head":"<!-- This site is optimized with the Yoast SEO plugin v26.6 - https:\/\/yoast.com\/wordpress\/plugins\/seo\/ -->\n<title>Nettoyage interne et externe de votre Produit Apple en Guadeloupe.<\/title>\n<meta name=\"description\" content=\"Nettoyage iMac, nettoyage Macbook Pro, Macbook Air sur votre lieu de travail ou \u00e0 domicile en Guadeloupe. Prolonger la dur\u00e9e de vie et am\u00e9liorer l&#039;aspect.\" \/>\n<meta name=\"robots\" content=\"index, follow, max-snippet:-1, max-image-preview:large, max-video-preview:-1\" \/>\n<link rel=\"canonical\" href=\"https:\/\/www.ibros.fr\/?page_id=756\" \/>\n<meta property=\"og:locale\" content=\"fr_FR\" \/>\n<meta property=\"og:type\" content=\"article\" \/>\n<meta property=\"og:title\" content=\"Nettoyage interne et externe de votre Produit Apple en Guadeloupe.\" \/>\n<meta property=\"og:description\" content=\"Nettoyage iMac, nettoyage Macbook Pro, Macbook Air sur votre lieu de travail ou \u00e0 domicile en Guadeloupe. Prolonger la dur\u00e9e de vie et am\u00e9liorer l&#039;aspect.\" \/>\n<meta property=\"og:url\" content=\"https:\/\/www.ibros.fr\/?page_id=756\" \/>\n<meta property=\"og:site_name\" content=\"Ibros\" \/>\n<meta property=\"article:publisher\" content=\"https:\/\/www.facebook.com\/IBros-Informatique-de-proximit%c3%a9-697463817307367\/\" \/>\n<meta property=\"article:modified_time\" content=\"2020-08-30T02:17:18+00:00\" \/>\n<meta name=\"twitter:label1\" content=\"Dur\u00e9e de lecture estim\u00e9e\" \/>\n\t<meta name=\"twitter:data1\" content=\"8 minutes\" \/>\n<script type=\"application\/ld+json\" class=\"yoast-schema-graph\">{\"@context\":\"https:\/\/schema.org\",\"@graph\":[{\"@type\":\"WebPage\",\"@id\":\"https:\/\/www.ibros.fr\/?page_id=756\",\"url\":\"https:\/\/www.ibros.fr\/?page_id=756\",\"name\":\"Nettoyage interne et externe de votre Produit Apple en Guadeloupe.\",\"isPartOf\":{\"@id\":\"http:\/\/www.ibros.fr\/#website\"},\"datePublished\":\"2018-09-03T19:43:56+00:00\",\"dateModified\":\"2020-08-30T02:17:18+00:00\",\"description\":\"Nettoyage iMac, nettoyage Macbook Pro, Macbook Air sur votre lieu de travail ou \u00e0 domicile en Guadeloupe. Prolonger la dur\u00e9e de vie et am\u00e9liorer l'aspect.\",\"breadcrumb\":{\"@id\":\"https:\/\/www.ibros.fr\/?page_id=756#breadcrumb\"},\"inLanguage\":\"fr-FR\",\"potentialAction\":[{\"@type\":\"ReadAction\",\"target\":[\"https:\/\/www.ibros.fr\/?page_id=756\"]}]},{\"@type\":\"BreadcrumbList\",\"@id\":\"https:\/\/www.ibros.fr\/?page_id=756#breadcrumb\",\"itemListElement\":[{\"@type\":\"ListItem\",\"position\":1,\"name\":\"Accueil\",\"item\":\"http:\/\/www.ibros.fr\/\"},{\"@type\":\"ListItem\",\"position\":2,\"name\":\"ib clean\"}]},{\"@type\":\"WebSite\",\"@id\":\"http:\/\/www.ibros.fr\/#website\",\"url\":\"http:\/\/www.ibros.fr\/\",\"name\":\"Ibros\",\"description\":\"E-marketing de proximit\u00e9\",\"publisher\":{\"@id\":\"http:\/\/www.ibros.fr\/#organization\"},\"potentialAction\":[{\"@type\":\"SearchAction\",\"target\":{\"@type\":\"EntryPoint\",\"urlTemplate\":\"http:\/\/www.ibros.fr\/?s={search_term_string}\"},\"query-input\":{\"@type\":\"PropertyValueSpecification\",\"valueRequired\":true,\"valueName\":\"search_term_string\"}}],\"inLanguage\":\"fr-FR\"},{\"@type\":\"Organization\",\"@id\":\"http:\/\/www.ibros.fr\/#organization\",\"name\":\"iBros\",\"url\":\"http:\/\/www.ibros.fr\/\",\"logo\":{\"@type\":\"ImageObject\",\"inLanguage\":\"fr-FR\",\"@id\":\"http:\/\/www.ibros.fr\/#\/schema\/logo\/image\/\",\"url\":\"https:\/\/www.ibros.fr\/wp-content\/uploads\/2018\/10\/55287d3e-4eea-4329-8cbe-166227f51754.png\",\"contentUrl\":\"https:\/\/www.ibros.fr\/wp-content\/uploads\/2018\/10\/55287d3e-4eea-4329-8cbe-166227f51754.png\",\"width\":200,\"height\":200,\"caption\":\"iBros\"},\"image\":{\"@id\":\"http:\/\/www.ibros.fr\/#\/schema\/logo\/image\/\"},\"sameAs\":[\"https:\/\/www.facebook.com\/IBros-Informatique-de-proximit\u00e9-697463817307367\/\"]}]}<\/script>\n<!-- \/ Yoast SEO plugin. -->","yoast_head_json":{"title":"Nettoyage interne et externe de votre Produit Apple en Guadeloupe.","description":"Nettoyage iMac, nettoyage Macbook Pro, Macbook Air sur votre lieu de travail ou \u00e0 domicile en Guadeloupe. Prolonger la dur\u00e9e de vie et am\u00e9liorer l'aspect.","robots":{"index":"index","follow":"follow","max-snippet":"max-snippet:-1","max-image-preview":"max-image-preview:large","max-video-preview":"max-video-preview:-1"},"canonical":"https:\/\/www.ibros.fr\/?page_id=756","og_locale":"fr_FR","og_type":"article","og_title":"Nettoyage interne et externe de votre Produit Apple en Guadeloupe.","og_description":"Nettoyage iMac, nettoyage Macbook Pro, Macbook Air sur votre lieu de travail ou \u00e0 domicile en Guadeloupe. Prolonger la dur\u00e9e de vie et am\u00e9liorer l'aspect.","og_url":"https:\/\/www.ibros.fr\/?page_id=756","og_site_name":"Ibros","article_publisher":"https:\/\/www.facebook.com\/IBros-Informatique-de-proximit%c3%a9-697463817307367\/","article_modified_time":"2020-08-30T02:17:18+00:00","twitter_misc":{"Dur\u00e9e de lecture estim\u00e9e":"8 minutes"},"schema":{"@context":"https:\/\/schema.org","@graph":[{"@type":"WebPage","@id":"https:\/\/www.ibros.fr\/?page_id=756","url":"https:\/\/www.ibros.fr\/?page_id=756","name":"Nettoyage interne et externe de votre Produit Apple en Guadeloupe.","isPartOf":{"@id":"http:\/\/www.ibros.fr\/#website"},"datePublished":"2018-09-03T19:43:56+00:00","dateModified":"2020-08-30T02:17:18+00:00","description":"Nettoyage iMac, nettoyage Macbook Pro, Macbook Air sur votre lieu de travail ou \u00e0 domicile en Guadeloupe. Prolonger la dur\u00e9e de vie et am\u00e9liorer l'aspect.","breadcrumb":{"@id":"https:\/\/www.ibros.fr\/?page_id=756#breadcrumb"},"inLanguage":"fr-FR","potentialAction":[{"@type":"ReadAction","target":["https:\/\/www.ibros.fr\/?page_id=756"]}]},{"@type":"BreadcrumbList","@id":"https:\/\/www.ibros.fr\/?page_id=756#breadcrumb","itemListElement":[{"@type":"ListItem","position":1,"name":"Accueil","item":"http:\/\/www.ibros.fr\/"},{"@type":"ListItem","position":2,"name":"ib clean"}]},{"@type":"WebSite","@id":"http:\/\/www.ibros.fr\/#website","url":"http:\/\/www.ibros.fr\/","name":"Ibros","description":"E-marketing de proximit\u00e9","publisher":{"@id":"http:\/\/www.ibros.fr\/#organization"},"potentialAction":[{"@type":"SearchAction","target":{"@type":"EntryPoint","urlTemplate":"http:\/\/www.ibros.fr\/?s={search_term_string}"},"query-input":{"@type":"PropertyValueSpecification","valueRequired":true,"valueName":"search_term_string"}}],"inLanguage":"fr-FR"},{"@type":"Organization","@id":"http:\/\/www.ibros.fr\/#organization","name":"iBros","url":"http:\/\/www.ibros.fr\/","logo":{"@type":"ImageObject","inLanguage":"fr-FR","@id":"http:\/\/www.ibros.fr\/#\/schema\/logo\/image\/","url":"https:\/\/www.ibros.fr\/wp-content\/uploads\/2018\/10\/55287d3e-4eea-4329-8cbe-166227f51754.png","contentUrl":"https:\/\/www.ibros.fr\/wp-content\/uploads\/2018\/10\/55287d3e-4eea-4329-8cbe-166227f51754.png","width":200,"height":200,"caption":"iBros"},"image":{"@id":"http:\/\/www.ibros.fr\/#\/schema\/logo\/image\/"},"sameAs":["https:\/\/www.facebook.com\/IBros-Informatique-de-proximit\u00e9-697463817307367\/"]}]}},"_links":{"self":[{"href":"https:\/\/www.ibros.fr\/index.php?rest_route=\/wp\/v2\/pages\/756","targetHints":{"allow":["GET"]}}],"collection":[{"href":"https:\/\/www.ibros.fr\/index.php?rest_route=\/wp\/v2\/pages"}],"about":[{"href":"https:\/\/www.ibros.fr\/index.php?rest_route=\/wp\/v2\/types\/page"}],"author":[{"embeddable":true,"href":"https:\/\/www.ibros.fr\/index.php?rest_route=\/wp\/v2\/users\/1"}],"replies":[{"embeddable":true,"href":"https:\/\/www.ibros.fr\/index.php?rest_route=%2Fwp%2Fv2%2Fcomments&post=756"}],"version-history":[{"count":46,"href":"https:\/\/www.ibros.fr\/index.php?rest_route=\/wp\/v2\/pages\/756\/revisions"}],"predecessor-version":[{"id":48791,"href":"https:\/\/www.ibros.fr\/index.php?rest_route=\/wp\/v2\/pages\/756\/revisions\/48791"}],"wp:attachment":[{"href":"https:\/\/www.ibros.fr\/index.php?rest_route=%2Fwp%2Fv2%2Fmedia&parent=756"}],"curies":[{"name":"wp","href":"https:\/\/api.w.org\/{rel}","templated":true}]}}