{"id":1084,"date":"2018-09-17T22:45:47","date_gmt":"2018-09-17T21:45:47","guid":{"rendered":"http:\/\/www.ibros.fr\/?page_id=1084"},"modified":"2025-06-19T10:43:41","modified_gmt":"2025-06-19T14:43:41","slug":"reparation-mac","status":"publish","type":"page","link":"https:\/\/www.ibros.fr\/?page_id=1084","title":{"rendered":"reparation mac"},"content":{"rendered":"<p>[et_pb_section fb_built=\u00a0\u00bb1&Prime; _builder_version=\u00a0\u00bb4.16&Prime; background_image=\u00a0\u00bbhttps:\/\/www.ibros.fr\/wp-content\/uploads\/2018\/09\/Untitled-design22.png\u00a0\u00bb parallax=\u00a0\u00bbon\u00a0\u00bb custom_padding=\u00a0\u00bb0|0px|51.2px|0px|false|false\u00a0\u00bb top_divider_color=\u00a0\u00bb#0c71c3&Prime; top_divider_height=\u00a0\u00bb57px\u00a0\u00bb bottom_divider_style=\u00a0\u00bbarrow2&Prime; bottom_divider_color=\u00a0\u00bb#0c71c3&Prime; bottom_divider_height=\u00a0\u00bb39px\u00a0\u00bb global_colors_info=\u00a0\u00bb{}\u00a0\u00bb][et_pb_row _builder_version=\u00a0\u00bb4.16&Prime; custom_padding=\u00a0\u00bb0|0px|25.6px|0px|false|false\u00a0\u00bb global_colors_info=\u00a0\u00bb{}\u00a0\u00bb][et_pb_column type=\u00a0\u00bb4_4&Prime; _builder_version=\u00a0\u00bb4.16&Prime; custom_padding=\u00a0\u00bb|||\u00a0\u00bb global_colors_info=\u00a0\u00bb{}\u00a0\u00bb custom_padding__hover=\u00a0\u00bb|||\u00a0\u00bb][et_pb_text _builder_version=\u00a0\u00bb4.16&Prime; header_font=\u00a0\u00bb|700|||||||\u00a0\u00bb header_text_color=\u00a0\u00bb#0c71c3&Prime; global_colors_info=\u00a0\u00bb{}\u00a0\u00bb]<\/p>\n<h1 style=\"text-align: center;\"><\/h1>\n<h1 style=\"text-align: center;\"><\/h1>\n<h1 style=\"text-align: center;\"><\/h1>\n<h1 style=\"text-align: center;\"><\/h1>\n<h1 style=\"text-align: center;\"><\/h1>\n<h1 style=\"text-align: center;\"><\/h1>\n<h1 style=\"text-align: center;\"><\/h1>\n<h1 style=\"text-align: center;\">Ibros, vous propose une mise \u00e0 jour syst\u00e8me, apr\u00e8s la r\u00e9paration<\/h1>\n<h1 style=\"text-align: center;\">de votre iMac et Macbook Pro en Guadeloupe.<\/h1>\n<h1 style=\"text-align: center;\">.<\/h1>\n<p>[\/et_pb_text][\/et_pb_column][\/et_pb_row][\/et_pb_section][et_pb_section fb_built=\u00a0\u00bb1&Prime; theme_builder_area=\u00a0\u00bbpost_content\u00a0\u00bb _builder_version=\u00a0\u00bb4.24.3&Prime; _module_preset=\u00a0\u00bbdefault\u00a0\u00bb][et_pb_row column_structure=\u00a0\u00bb1_3,1_3,1_3&Prime; _builder_version=\u00a0\u00bb4.16&Prime; _module_preset=\u00a0\u00bbdefault\u00a0\u00bb global_colors_info=\u00a0\u00bb{}\u00a0\u00bb theme_builder_area=\u00a0\u00bbpost_content\u00a0\u00bb][et_pb_column type=\u00a0\u00bb1_3&Prime; _builder_version=\u00a0\u00bb4.16&Prime; _module_preset=\u00a0\u00bbdefault\u00a0\u00bb global_colors_info=\u00a0\u00bb{}\u00a0\u00bb theme_builder_area=\u00a0\u00bbpost_content\u00a0\u00bb][et_pb_text _builder_version=\u00a0\u00bb4.24.3&Prime; _module_preset=\u00a0\u00bbdefault\u00a0\u00bb text_font=\u00a0\u00bbPoppins|700|||||||\u00a0\u00bb text_font_size=\u00a0\u00bb16px\u00a0\u00bb global_colors_info=\u00a0\u00bb{}\u00a0\u00bb theme_builder_area=\u00a0\u00bbpost_content\u00a0\u00bb]<\/p>\n<p class=\"p1\">\ud83d\udce2<b> Boostez votre iMac 2017 en Guadeloupe ! <\/b><b><\/b><\/p>\n<p class=\"p1\">\ud83d\udc0c<b> Votre\u00a0iMac 2017\u00a0rame trop ? C\u2019est normal avec son\u00a0disque dur lent et qui se d\u00e9grade naturellement avec le temps, et seulement 8 Go de m\u00e9moire RAM\u00a0! <\/b>\ud83d\udc0c<\/p>\n<p class=\"p1\">\ud83d\udd27<b>\u00a0On a LA solution pour vous\u00a0:<\/b><\/p>\n<p class=\"p1\"><b><\/b><span class=\"s1\">\u2714<\/span><b>\u00a0Remplacement par un SSD ultra-rapide ( 6 fois plus rapide que votre disque dur de base m\u00eame \u00e0 sa meilleure forme)\u00a0<\/b><span class=\"s2\">\u26a1<\/span><b><br \/><\/b><span class=\"s1\">\u2714<\/span><b>\u00a0Upgrade de RAM\u00a0(16 Go ou 32 Go) <\/b><span class=\"s2\">\ud83d\udcbe<\/span><b><br \/><\/b><span class=\"s1\">\u2714<\/span><b>\u00a0Performances x10\u00a0et fin des lag<span class=\"Apple-converted-space\">\u00a0 <\/span>et de la roulette ! <\/b><span class=\"s2\">\ud83d\ude80<\/span><\/p>\n<p>[\/et_pb_text][\/et_pb_column][et_pb_column type=\u00a0\u00bb1_3&Prime; _builder_version=\u00a0\u00bb4.16&Prime; _module_preset=\u00a0\u00bbdefault\u00a0\u00bb global_colors_info=\u00a0\u00bb{}\u00a0\u00bb theme_builder_area=\u00a0\u00bbpost_content\u00a0\u00bb][et_pb_image src=\u00a0\u00bbhttp:\/\/www.ibros.fr\/wp-content\/uploads\/2025\/06\/imac-2017-guadeloupe-ibros-.png\u00a0\u00bb alt=\u00a0\u00bbapple guadeloupe\u00a0\u00bb title_text=\u00a0\u00bbimac-2017-guadeloupe-ibros\u00a0\u00bb _builder_version=\u00a0\u00bb4.24.3&Prime; _module_preset=\u00a0\u00bbdefault\u00a0\u00bb border_radii=\u00a0\u00bbon|14px|14px|14px|14px\u00a0\u00bb global_colors_info=\u00a0\u00bb{}\u00a0\u00bb theme_builder_area=\u00a0\u00bbpost_content\u00a0\u00bb][\/et_pb_image][et_pb_text _builder_version=\u00a0\u00bb4.24.3&Prime; _module_preset=\u00a0\u00bbdefault\u00a0\u00bb global_colors_info=\u00a0\u00bb{}\u00a0\u00bb theme_builder_area=\u00a0\u00bbpost_content\u00a0\u00bb]<\/p>\n<p style=\"text-align: center;\"><b>iBros \u2013 R\u00e9parateur Mac en Guadeloup<\/b><b>\u2013 L\u2019expertise tech \u00e0 votre service ! Ancien salari\u00e9 d&rsquo;Apple<\/b><\/p>\n<p>[\/et_pb_text][\/et_pb_column][et_pb_column type=\u00a0\u00bb1_3&Prime; _builder_version=\u00a0\u00bb4.16&Prime; _module_preset=\u00a0\u00bbdefault\u00a0\u00bb global_colors_info=\u00a0\u00bb{}\u00a0\u00bb theme_builder_area=\u00a0\u00bbpost_content\u00a0\u00bb][et_pb_text _builder_version=\u00a0\u00bb4.24.3&Prime; _module_preset=\u00a0\u00bbdefault\u00a0\u00bb text_font=\u00a0\u00bbPoppins|700|||||||\u00a0\u00bb text_font_size=\u00a0\u00bb16px\u00a0\u00bb header_2_font=\u00a0\u00bbPoppins||||||||\u00a0\u00bb global_colors_info=\u00a0\u00bb{}\u00a0\u00bb theme_builder_area=\u00a0\u00bbpost_content\u00a0\u00bb]<\/p>\n<p class=\"p1\">\ud83d\udcbb<b>\u00a0\u00c0 partir de 290 \u20ac\u00a0\u2013 Votre iMac est plus rapide qu\u2019\u00e0 l\u2019achat et comme neuf avec le nettoyage d\u00e9poussi\u00e9rage offert ! GARANTIE 2 ANS pi\u00e8ce et main d\u2019oeuvre<\/b><b><\/b><\/p>\n<p class=\"p1\">\ud83d\udccd<b>\u00a0En Guadeloupe\u00a0\u2013 Service pro et rapide en atelier \u00e0 Petit-Bourg, chez vous, ou sur votre lieu de travail<\/b><\/p>\n<p class=\"p1\">\ud83d\udcde<b>\u00a0Contactez-nous\u00a0: +590 691 24 96 48<br \/><\/b><b><\/b><\/p>\n<p class=\"p1\"><span class=\"s1\">\ud83d\udd25<\/span><b>\u00a0Ne changez pas votre iMac, boostez-le !\u00a0<\/b><span class=\"s1\">\ud83d\udd25<\/span><\/p>\n<p>[\/et_pb_text][\/et_pb_column][\/et_pb_row][\/et_pb_section][et_pb_section fb_built=\u00a0\u00bb1&Prime; specialty=\u00a0\u00bbon\u00a0\u00bb _builder_version=\u00a0\u00bb4.16&Prime; custom_padding=\u00a0\u00bb0|0px|0|0px|false|false\u00a0\u00bb global_colors_info=\u00a0\u00bb{}\u00a0\u00bb][et_pb_column type=\u00a0\u00bb1_2&Prime; specialty_columns=\u00a0\u00bb2&Prime; _builder_version=\u00a0\u00bb4.16&Prime; custom_padding=\u00a0\u00bb|||\u00a0\u00bb global_colors_info=\u00a0\u00bb{}\u00a0\u00bb parallax__hover=\u00a0\u00bboff\u00a0\u00bb parallax_method__hover=\u00a0\u00bbon\u00a0\u00bb custom_padding__hover=\u00a0\u00bb|||\u00a0\u00bb][et_pb_row_inner _builder_version=\u00a0\u00bb4.16&Prime; global_colors_info=\u00a0\u00bb{}\u00a0\u00bb][et_pb_column_inner saved_specialty_column_type=\u00a0\u00bb1_2&Prime; _builder_version=\u00a0\u00bb4.16&Prime; custom_padding=\u00a0\u00bb|||\u00a0\u00bb global_colors_info=\u00a0\u00bb{}\u00a0\u00bb parallax__hover=\u00a0\u00bboff\u00a0\u00bb parallax_method__hover=\u00a0\u00bbon\u00a0\u00bb custom_padding__hover=\u00a0\u00bb|||\u00a0\u00bb][et_pb_blurb image=\u00a0\u00bbhttp:\/\/www.ibros.fr\/wp-content\/uploads\/2025\/06\/reparation-apple-agree-agree-guadeloupe-ibros.png\u00a0\u00bb _builder_version=\u00a0\u00bb4.24.3&Prime; animation_style=\u00a0\u00bbzoom\u00a0\u00bb link_option_url_new_window=\u00a0\u00bbon\u00a0\u00bb border_radii=\u00a0\u00bbon|13px|13px|13px|13px\u00a0\u00bb global_colors_info=\u00a0\u00bb{}\u00a0\u00bb][\/et_pb_blurb][\/et_pb_column_inner][\/et_pb_row_inner][et_pb_row_inner _builder_version=\u00a0\u00bb4.16&Prime; global_colors_info=\u00a0\u00bb{}\u00a0\u00bb][et_pb_column_inner saved_specialty_column_type=\u00a0\u00bb1_2&Prime; _builder_version=\u00a0\u00bb4.16&Prime; custom_padding=\u00a0\u00bb|||\u00a0\u00bb global_colors_info=\u00a0\u00bb{}\u00a0\u00bb parallax__hover=\u00a0\u00bboff\u00a0\u00bb parallax_method__hover=\u00a0\u00bbon\u00a0\u00bb custom_padding__hover=\u00a0\u00bb|||\u00a0\u00bb][et_pb_blurb image=\u00a0\u00bbhttps:\/\/www.ibros.fr\/wp-content\/uploads\/2023\/06\/reparation-mac-en-guadeloupe-ibros-apple.png\u00a0\u00bb _builder_version=\u00a0\u00bb4.16&Prime; animation_style=\u00a0\u00bbzoom\u00a0\u00bb link_option_url_new_window=\u00a0\u00bbon\u00a0\u00bb border_radii=\u00a0\u00bbon|13px|13px|13px|13px\u00a0\u00bb global_colors_info=\u00a0\u00bb{}\u00a0\u00bb][\/et_pb_blurb][\/et_pb_column_inner][\/et_pb_row_inner][et_pb_row_inner _builder_version=\u00a0\u00bb4.16&Prime; global_colors_info=\u00a0\u00bb{}\u00a0\u00bb][et_pb_column_inner saved_specialty_column_type=\u00a0\u00bb1_2&Prime; _builder_version=\u00a0\u00bb4.16&Prime; custom_padding=\u00a0\u00bb|||\u00a0\u00bb global_colors_info=\u00a0\u00bb{}\u00a0\u00bb parallax__hover=\u00a0\u00bboff\u00a0\u00bb parallax_method__hover=\u00a0\u00bbon\u00a0\u00bb custom_padding__hover=\u00a0\u00bb|||\u00a0\u00bb][\/et_pb_column_inner][\/et_pb_row_inner][\/et_pb_column][et_pb_column type=\u00a0\u00bb1_2&Prime; _builder_version=\u00a0\u00bb4.16&Prime; custom_padding=\u00a0\u00bb|||\u00a0\u00bb global_colors_info=\u00a0\u00bb{}\u00a0\u00bb parallax__hover=\u00a0\u00bboff\u00a0\u00bb parallax_method__hover=\u00a0\u00bbon\u00a0\u00bb custom_padding__hover=\u00a0\u00bb|||\u00a0\u00bb][et_pb_text _builder_version=\u00a0\u00bb4.24.3&Prime; text_font=\u00a0\u00bbPoppins||||||||\u00a0\u00bb header_font=\u00a0\u00bbPoppins||||||||\u00a0\u00bb header_2_font=\u00a0\u00bbPoppins||||||||\u00a0\u00bb global_colors_info=\u00a0\u00bb{}\u00a0\u00bb]<\/p>\n<h1>Pourquoi nous choisir \ud83c\udfaf<\/h1>\n<p><b><span>\u00a0<\/span>iBros &#8211; Votre Expert Apple &amp; Cr\u00e9ation Web en Guadeloupe !<span>\u00a0<\/span><\/b><\/p>\n<p>Chez\u00a0<b>iBros<\/b>, nous sommes passionn\u00e9s par la\u00a0<b>r\u00e9paration<\/b>\u00a0et la\u00a0<b>vente de produits Apple<\/b> <span>\u00a0<\/span>en Guadeloupe, mais aussi par la cr\u00e9ation de\u00a0<b>sites web modernes et optimis\u00e9s pour Google<\/b>\u00a0!<span>\u00a0<\/span><b>Ancien Manager chez Apple de retour en guadeloupe.<\/b><b><\/b><\/p>\n<p>\u00a0<b>Nos services<\/b>\u00a0:<\/p>\n<p>\u00a0<b>R\u00e9paration, boost et maintenance MacBook, Imac<\/b>\u00a0(\u00e9cran, batterie, logiciel, etc.)<br \/>\u00a0<b>Vente d\u2019appareils Apple neufs &amp; reconditionn\u00e9s<\/b>\u00a0(garantis et test\u00e9s par iBros garantie 1 an)<br \/>\u00a0<b>Cr\u00e9ation de sites web professionnels<\/b>\u00a0(vitrine, e-commerce, Dropshipping)<br \/>\u00a0<b>R\u00e9f\u00e9rencement Google<\/b> pour booster votre visibilit\u00e9 en ligne<\/p>\n<p><b>Micro-soudure<\/b> sur carte m\u00e8re Apple (r\u00e9cup\u00e9ration de donn\u00e9es, connecteurs arrach\u00e9s\u2026)\u00a0<b>Bas\u00e9s en Guadeloupe<\/b>, nous proposons un service rapide, fiable et personnalis\u00e9 pour particuliers et professionnels.<\/p>\n<p>[\/et_pb_text][et_pb_text _builder_version=\u00a0\u00bb4.16&Prime; text_font=\u00a0\u00bbPoppins||||||||\u00a0\u00bb header_font=\u00a0\u00bbPoppins||||||||\u00a0\u00bb header_2_font=\u00a0\u00bbPoppins||||||||\u00a0\u00bb global_colors_info=\u00a0\u00bb{}\u00a0\u00bb]<\/p>\n<h1>Pourquoi nous choisir \ud83c\udfaf<\/h1>\n<p><strong>1. Exp\u00e9rience et expertise:<\/strong> Avec des ann\u00e9es d&rsquo;exp\u00e9rience dans la r\u00e9paration de produits Apple, nous sommes fiers de notre expertise et de notre capacit\u00e9 \u00e0 r\u00e9soudre tous les probl\u00e8mes li\u00e9s au Mac et iMac.<br \/> <strong>2. Tarifs comp\u00e9titifs:<\/strong> Nous offrons des tarifs comp\u00e9titifs pour tous nos services afin de vous fournir un service de qualit\u00e9 sans alourdir votre budget.<br \/> <strong>3. Service \u00e0 la client\u00e8le amical et fiable:<\/strong> Un techniciens pr\u00eat \u00e0 vous aider et \u00e0 r\u00e9pondre \u00e0 toutes vos questions. Nous nous assurons que vous \u00eates satisfait de chaque \u00e9tape du processus de r\u00e9paration.<br \/> <strong>4. Garantie de satisfaction:<\/strong> Votre satisfaction est notre priorit\u00e9. Si vous n&rsquo;\u00eates pas satisfait de notre service, nous ferons tout notre possible pour r\u00e9soudre le probl\u00e8me et r\u00e9pondre \u00e0 vos besoins.<br \/> <strong>5. Service rapide:<\/strong> Vous avez besoin de votre Mac ou iMac r\u00e9par\u00e9 rapidement? Ne vous inqui\u00e9tez pas &#8211; nous comprenons l&rsquo;importance d&rsquo;avoir un ordinateur fonctionnel et travaillons rapidement pour r\u00e9soudre vos probl\u00e8mes. Pr\u00eat d&rsquo;imac possible.<\/p>\n<p><strong>Contactez-nous \ud83d\udcde<\/strong><br \/> Si vous \u00eates en Guadeloupe et que vous avez besoin d&rsquo;une r\u00e9paration de Mac ou iMac, n&rsquo;h\u00e9sitez pas \u00e0 nous contacter pour un devis gratuit et des conseils d&rsquo;experts. Vous pouvez nous joindre par t\u00e9l\u00e9phone et email.<\/p>\n<p>&nbsp;<\/p>\n<p>[\/et_pb_text][\/et_pb_column][\/et_pb_section][et_pb_section fb_built=\u00a0\u00bb1&Prime; specialty=\u00a0\u00bbon\u00a0\u00bb _builder_version=\u00a0\u00bb4.16&Prime; custom_padding=\u00a0\u00bb0|0px|0|0px|false|false\u00a0\u00bb global_colors_info=\u00a0\u00bb{}\u00a0\u00bb][et_pb_column type=\u00a0\u00bb1_2&Prime; specialty_columns=\u00a0\u00bb2&Prime; _builder_version=\u00a0\u00bb4.16&Prime; custom_padding=\u00a0\u00bb|||\u00a0\u00bb global_colors_info=\u00a0\u00bb{}\u00a0\u00bb parallax__hover=\u00a0\u00bboff\u00a0\u00bb parallax_method__hover=\u00a0\u00bbon\u00a0\u00bb custom_padding__hover=\u00a0\u00bb|||\u00a0\u00bb][et_pb_row_inner _builder_version=\u00a0\u00bb4.16&Prime; global_colors_info=\u00a0\u00bb{}\u00a0\u00bb][et_pb_column_inner saved_specialty_column_type=\u00a0\u00bb1_2&Prime; _builder_version=\u00a0\u00bb4.16&Prime; custom_padding=\u00a0\u00bb|||\u00a0\u00bb global_colors_info=\u00a0\u00bb{}\u00a0\u00bb parallax__hover=\u00a0\u00bboff\u00a0\u00bb parallax_method__hover=\u00a0\u00bbon\u00a0\u00bb custom_padding__hover=\u00a0\u00bb|||\u00a0\u00bb][et_pb_blurb image=\u00a0\u00bbhttps:\/\/www.ibros.fr\/wp-content\/uploads\/2023\/06\/reparation-macbook-imacguadeloupe-apple-ibros.png\u00a0\u00bb _builder_version=\u00a0\u00bb4.16&Prime; animation_style=\u00a0\u00bbzoom\u00a0\u00bb link_option_url_new_window=\u00a0\u00bbon\u00a0\u00bb global_colors_info=\u00a0\u00bb{}\u00a0\u00bb][\/et_pb_blurb][\/et_pb_column_inner][\/et_pb_row_inner][et_pb_row_inner _builder_version=\u00a0\u00bb4.16&Prime; global_colors_info=\u00a0\u00bb{}\u00a0\u00bb][et_pb_column_inner saved_specialty_column_type=\u00a0\u00bb1_2&Prime; _builder_version=\u00a0\u00bb4.16&Prime; custom_padding=\u00a0\u00bb|||\u00a0\u00bb global_colors_info=\u00a0\u00bb{}\u00a0\u00bb parallax__hover=\u00a0\u00bboff\u00a0\u00bb parallax_method__hover=\u00a0\u00bbon\u00a0\u00bb custom_padding__hover=\u00a0\u00bb|||\u00a0\u00bb][\/et_pb_column_inner][\/et_pb_row_inner][\/et_pb_column][et_pb_column type=\u00a0\u00bb1_2&Prime; _builder_version=\u00a0\u00bb4.16&Prime; custom_padding=\u00a0\u00bb|||\u00a0\u00bb global_colors_info=\u00a0\u00bb{}\u00a0\u00bb parallax__hover=\u00a0\u00bboff\u00a0\u00bb parallax_method__hover=\u00a0\u00bbon\u00a0\u00bb custom_padding__hover=\u00a0\u00bb|||\u00a0\u00bb][et_pb_text _builder_version=\u00a0\u00bb4.16&Prime; text_font=\u00a0\u00bbPoppins||||||||\u00a0\u00bb header_2_font=\u00a0\u00bbPoppins||||||||\u00a0\u00bb global_colors_info=\u00a0\u00bb{}\u00a0\u00bb]<\/p>\n<h2><strong>R\u00e9paration imac en Guadeloupe.<br \/> <\/strong><\/h2>\n<p><strong>iBros : Service de r\u00e9paration pour vos MacBook et iMac en Guadeloupe<\/strong><\/p>\n<p>Vous \u00eates \u00e0 la recherche d&rsquo;un service de r\u00e9paration rapide et de qualit\u00e9 pour vos produits Apple en Guadeloupe ? Ne cherchez plus, iBros e-marketing est l\u00e0 pour vous !<\/p>\n<p>Nous proposons une large gamme de r\u00e9parations pour vos MacBook et iMac, telles que :<\/p>\n<p><strong>* R\u00e9paration d&rsquo;\u00e9crans<\/strong><br \/> <strong> * Remplacement de batteries<\/strong><br \/> <strong> * R\u00e9paration de cartes m\u00e8res<\/strong><br \/> <strong> * Remplacement de claviers<\/strong><br \/> <strong> * Correction de bugs et mise \u00e0 jour de vos appareils Apple<\/strong><\/p>\n<p>Notre adresse : Centre commercial de Grand-Camp, Les Abymes.<br \/> N&rsquo;h\u00e9sitez pas \u00e0 nous contacter pour prendre rendez-vous ou obtenir un devis rapide et gratuit.<\/p>\n<p><strong>Service de qualit\u00e9 garanti par un ancien salari\u00e9 d&rsquo;Apple<\/strong><\/p>\n<p>Quoi de mieux que de confier vos pr\u00e9cieux appareils \u00e0 un expert ? Notre technicien, ancien salari\u00e9 d&rsquo;Apple en Irlande, vous garanti un service irr\u00e9prochable et une satisfaction totale.<\/p>\n<p>Ne tardez plus, contactez iBros d\u00e8s maintenant !<br \/> Ne laissez pas vos probl\u00e8mes d&rsquo;\u00e9cran, de batterie, ou de clavier vous g\u00e2cher votre journ\u00e9e.<\/p>\n<p><strong>Contactez-nous d\u00e8s maintenant pour un devis rapide et gratuit. Faites confiance \u00e0 iBros<\/strong>, le service de r<strong>\u00e9paration rapide et de qualit\u00e9 pour vos Macbook et iMac en Guadeloupe !<\/strong><\/p>\n<p>&nbsp;<\/p>\n<p>[\/et_pb_text][\/et_pb_column][\/et_pb_section][et_pb_section fb_built=\u00a0\u00bb1&Prime; specialty=\u00a0\u00bbon\u00a0\u00bb _builder_version=\u00a0\u00bb4.16&Prime; custom_padding=\u00a0\u00bb3px|0px|0|0px|false|false\u00a0\u00bb global_colors_info=\u00a0\u00bb{}\u00a0\u00bb][et_pb_column type=\u00a0\u00bb1_2&Prime; specialty_columns=\u00a0\u00bb2&Prime; _builder_version=\u00a0\u00bb4.16&Prime; custom_padding=\u00a0\u00bb|||\u00a0\u00bb global_colors_info=\u00a0\u00bb{}\u00a0\u00bb parallax__hover=\u00a0\u00bboff\u00a0\u00bb parallax_method__hover=\u00a0\u00bbon\u00a0\u00bb custom_padding__hover=\u00a0\u00bb|||\u00a0\u00bb][et_pb_row_inner _builder_version=\u00a0\u00bb4.16&Prime; custom_padding=\u00a0\u00bb27.90625px|0px|0|0px|false|false\u00a0\u00bb global_colors_info=\u00a0\u00bb{}\u00a0\u00bb][et_pb_column_inner saved_specialty_column_type=\u00a0\u00bb1_2&Prime; _builder_version=\u00a0\u00bb4.16&Prime; custom_padding=\u00a0\u00bb|||\u00a0\u00bb global_colors_info=\u00a0\u00bb{}\u00a0\u00bb parallax__hover=\u00a0\u00bboff\u00a0\u00bb parallax_method__hover=\u00a0\u00bbon\u00a0\u00bb custom_padding__hover=\u00a0\u00bb|||\u00a0\u00bb][et_pb_text _builder_version=\u00a0\u00bb4.16&Prime; custom_margin=\u00a0\u00bb-15px|||\u00a0\u00bb global_colors_info=\u00a0\u00bb{}\u00a0\u00bb]<\/p>\n<p>&nbsp;<\/p>\n<h2><strong>R\u00e9assemblage carte m\u00e8re iMac<\/strong><\/h2>\n<p><strong>Le r\u00e9assemblement se fait dans l&rsquo;ordre impos\u00e9 par le Fabricant comme d\u00e9cris par la notice r\u00e9serv\u00e9e aux Techniciens Certifi\u00e9s.<\/strong><\/p>\n<p><strong>Faites confiance \u00e0 iBros pour une r\u00e9paration effectu\u00e9e par un Sp\u00e9cialiste et fan Apple. Nos r\u00e9parations sont garanties pi\u00e8ces et main d&rsquo;oeuvre.<br \/> <\/strong><\/p>\n<p>[\/et_pb_text][\/et_pb_column_inner][\/et_pb_row_inner][\/et_pb_column][et_pb_column type=\u00a0\u00bb1_2&Prime; _builder_version=\u00a0\u00bb4.16&Prime; custom_padding=\u00a0\u00bb|||\u00a0\u00bb global_colors_info=\u00a0\u00bb{}\u00a0\u00bb parallax__hover=\u00a0\u00bboff\u00a0\u00bb parallax_method__hover=\u00a0\u00bbon\u00a0\u00bb custom_padding__hover=\u00a0\u00bb|||\u00a0\u00bb][et_pb_blurb image=\u00a0\u00bbhttps:\/\/www.ibros.fr\/wp-content\/uploads\/2018\/09\/IMac-okOPTI.jpg\u00a0\u00bb _builder_version=\u00a0\u00bb4.16&Prime; global_colors_info=\u00a0\u00bb{}\u00a0\u00bb][\/et_pb_blurb][\/et_pb_column][\/et_pb_section][et_pb_section fb_built=\u00a0\u00bb1&Prime; specialty=\u00a0\u00bbon\u00a0\u00bb _builder_version=\u00a0\u00bb4.16&Prime; custom_padding=\u00a0\u00bb3px|0px|0|0px|false|false\u00a0\u00bb bottom_divider_color=\u00a0\u00bb#474747&Prime; bottom_divider_height=\u00a0\u00bb81px\u00a0\u00bb bottom_divider_flip=\u00a0\u00bbvertical\u00a0\u00bb global_colors_info=\u00a0\u00bb{}\u00a0\u00bb][et_pb_column type=\u00a0\u00bb1_2&Prime; specialty_columns=\u00a0\u00bb2&Prime; _builder_version=\u00a0\u00bb4.16&Prime; custom_padding=\u00a0\u00bb|||\u00a0\u00bb global_colors_info=\u00a0\u00bb{}\u00a0\u00bb parallax__hover=\u00a0\u00bboff\u00a0\u00bb parallax_method__hover=\u00a0\u00bbon\u00a0\u00bb custom_padding__hover=\u00a0\u00bb|||\u00a0\u00bb][et_pb_row_inner _builder_version=\u00a0\u00bb4.16&Prime; custom_padding=\u00a0\u00bb27.90625px|0px|0|0px|false|false\u00a0\u00bb global_colors_info=\u00a0\u00bb{}\u00a0\u00bb][et_pb_column_inner saved_specialty_column_type=\u00a0\u00bb1_2&Prime; _builder_version=\u00a0\u00bb4.16&Prime; custom_padding=\u00a0\u00bb|||\u00a0\u00bb global_colors_info=\u00a0\u00bb{}\u00a0\u00bb parallax__hover=\u00a0\u00bboff\u00a0\u00bb parallax_method__hover=\u00a0\u00bbon\u00a0\u00bb custom_padding__hover=\u00a0\u00bb|||\u00a0\u00bb][et_pb_text _builder_version=\u00a0\u00bb4.16&Prime; custom_margin=\u00a0\u00bb-18px|||\u00a0\u00bb global_colors_info=\u00a0\u00bb{}\u00a0\u00bb]<\/p>\n<p>&nbsp;<\/p>\n<h2><strong>R\u00e9paration Macbook Pro en Guadeloupe<\/strong><\/h2>\n<p><strong>Les Macbook Pro derni\u00e8re g\u00e9n\u00e9ration,\u00a0 en panne Hors Garantie, sont les bienvenus chez iBros, informatique de proximit\u00e9. Nous pouvons donc prendre en charge tous les mod\u00e8les.<br \/> <\/strong><\/p>\n<p><strong>Ici, apr\u00e8s un Diagnostic par isolation, nous avons command\u00e9 une nouvelle carte m\u00e8re.<\/strong><\/p>\n<p>&nbsp;<\/p>\n<p>[\/et_pb_text][\/et_pb_column_inner][\/et_pb_row_inner][\/et_pb_column][et_pb_column type=\u00a0\u00bb1_2&Prime; _builder_version=\u00a0\u00bb4.16&Prime; custom_padding=\u00a0\u00bb|||\u00a0\u00bb global_colors_info=\u00a0\u00bb{}\u00a0\u00bb parallax__hover=\u00a0\u00bboff\u00a0\u00bb parallax_method__hover=\u00a0\u00bbon\u00a0\u00bb custom_padding__hover=\u00a0\u00bb|||\u00a0\u00bb][et_pb_blurb image=\u00a0\u00bbhttps:\/\/www.ibros.fr\/wp-content\/uploads\/2018\/09\/macbook-pro-1.jpg\u00a0\u00bb _builder_version=\u00a0\u00bb4.16&Prime; animation_style=\u00a0\u00bbflip\u00a0\u00bb global_colors_info=\u00a0\u00bb{}\u00a0\u00bb][\/et_pb_blurb][\/et_pb_column][\/et_pb_section][et_pb_section fb_built=\u00a0\u00bb1&Prime; specialty=\u00a0\u00bbon\u00a0\u00bb _builder_version=\u00a0\u00bb4.16&Prime; custom_padding=\u00a0\u00bb3px|0px|0|0px|false|false\u00a0\u00bb bottom_divider_color=\u00a0\u00bb#474747&Prime; bottom_divider_height=\u00a0\u00bb81px\u00a0\u00bb bottom_divider_flip=\u00a0\u00bbvertical\u00a0\u00bb global_colors_info=\u00a0\u00bb{}\u00a0\u00bb][et_pb_column type=\u00a0\u00bb1_2&Prime; specialty_columns=\u00a0\u00bb2&Prime; _builder_version=\u00a0\u00bb4.16&Prime; custom_padding=\u00a0\u00bb|||\u00a0\u00bb global_colors_info=\u00a0\u00bb{}\u00a0\u00bb parallax__hover=\u00a0\u00bboff\u00a0\u00bb parallax_method__hover=\u00a0\u00bbon\u00a0\u00bb custom_padding__hover=\u00a0\u00bb|||\u00a0\u00bb][et_pb_row_inner _builder_version=\u00a0\u00bb4.16&Prime; custom_padding=\u00a0\u00bb27.90625px|0px|0|0px|false|false\u00a0\u00bb global_colors_info=\u00a0\u00bb{}\u00a0\u00bb][et_pb_column_inner saved_specialty_column_type=\u00a0\u00bb1_2&Prime; _builder_version=\u00a0\u00bb4.16&Prime; custom_padding=\u00a0\u00bb|||\u00a0\u00bb global_colors_info=\u00a0\u00bb{}\u00a0\u00bb parallax__hover=\u00a0\u00bboff\u00a0\u00bb parallax_method__hover=\u00a0\u00bbon\u00a0\u00bb custom_padding__hover=\u00a0\u00bb|||\u00a0\u00bb][et_pb_text _builder_version=\u00a0\u00bb4.16&Prime; custom_margin=\u00a0\u00bb-18px|||\u00a0\u00bb animation_style=\u00a0\u00bbflip\u00a0\u00bb global_colors_info=\u00a0\u00bb{}\u00a0\u00bb]<\/p>\n<p>&nbsp;<\/p>\n<h2><strong>R\u00e9paration Macbook Air<br \/> <\/strong><\/h2>\n<p><strong>Faites nous confiance et confiez nous vos r\u00e9parations.Ce Macbook Air a \u00e9t\u00e9 r\u00e9par\u00e9 en 10 jours.<\/strong><\/p>\n<p>&nbsp;<\/p>\n<p>[\/et_pb_text][et_pb_text _builder_version=\u00a0\u00bb4.16&Prime; custom_margin=\u00a0\u00bb-18px|||\u00a0\u00bb global_colors_info=\u00a0\u00bb{}\u00a0\u00bb]<\/p>\n<h1><strong>R\u00e9paration \u00e0 domicile Apple Guadeloupe<\/strong><\/h1>\n<h2><\/h2>\n<p><strong>Apr\u00e8s la r\u00e9paration du Macbook Air ci dessus, nous le nettoyons en profondeur.<br \/> <\/strong><\/p>\n<p><strong>Ce mod\u00e8le \u00e9tant de 2011 , il n&rsquo;est pas \u00e9ligible au dernier syst\u00e8me Mojave, mais nous l&rsquo;avons fait pass\u00e9 \u00e0 Sierra.<\/strong><\/p>\n<p><strong>Son propri\u00e9taire pourra, avec cette mise \u00e0 jour, conserver plus longtemps son produit.<\/strong><\/p>\n<p>[\/et_pb_text][et_pb_text _builder_version=\u00a0\u00bb4.16&Prime; custom_margin=\u00a0\u00bb-18px|||\u00a0\u00bb global_colors_info=\u00a0\u00bb{}\u00a0\u00bb]<\/p>\n<p>&nbsp;<\/p>\n<h2><strong>Mise \u00e0 jour Macbook Air<br \/> <\/strong><\/h2>\n<h2><\/h2>\n<p><strong>Apr\u00e8s la r\u00e9paration du Macbook Air ci dessus, nous le nettoyons en profondeur.<\/strong><\/p>\n<p>[\/et_pb_text][\/et_pb_column_inner][\/et_pb_row_inner][\/et_pb_column][et_pb_column type=\u00a0\u00bb1_2&Prime; _builder_version=\u00a0\u00bb4.16&Prime; custom_padding=\u00a0\u00bb|||\u00a0\u00bb global_colors_info=\u00a0\u00bb{}\u00a0\u00bb parallax__hover=\u00a0\u00bboff\u00a0\u00bb parallax_method__hover=\u00a0\u00bbon\u00a0\u00bb custom_padding__hover=\u00a0\u00bb|||\u00a0\u00bb][et_pb_image src=\u00a0\u00bbhttps:\/\/www.ibros.fr\/wp-content\/uploads\/2019\/02\/AIR.jpg\u00a0\u00bb align_tablet=\u00a0\u00bbcenter\u00a0\u00bb align_phone=\u00a0\u00bb\u00a0\u00bb align_last_edited=\u00a0\u00bbon|desktop\u00a0\u00bb _builder_version=\u00a0\u00bb4.16&Prime; global_colors_info=\u00a0\u00bb{}\u00a0\u00bb][\/et_pb_image][et_pb_image src=\u00a0\u00bbhttps:\/\/www.ibros.fr\/wp-content\/uploads\/2019\/02\/Macbook-air-3.jpg\u00a0\u00bb align_tablet=\u00a0\u00bbcenter\u00a0\u00bb align_phone=\u00a0\u00bb\u00a0\u00bb align_last_edited=\u00a0\u00bbon|desktop\u00a0\u00bb _builder_version=\u00a0\u00bb4.16&Prime; global_colors_info=\u00a0\u00bb{}\u00a0\u00bb][\/et_pb_image][\/et_pb_column][\/et_pb_section][et_pb_section fb_built=\u00a0\u00bb1&Prime; _builder_version=\u00a0\u00bb3.17.6&Prime; custom_padding=\u00a0\u00bb50.75px|0px|39px|0px|false|false\u00a0\u00bb global_module=\u00a0\u00bb47247&Prime; global_colors_info=\u00a0\u00bb{}\u00a0\u00bb][et_pb_row column_structure=\u00a0\u00bb1_4,1_4,1_4,1_4&Prime; use_custom_gutter=\u00a0\u00bbon\u00a0\u00bb gutter_width=\u00a0\u00bb1&Prime; make_equal=\u00a0\u00bbon\u00a0\u00bb _builder_version=\u00a0\u00bb4.16&Prime; background_color=\u00a0\u00bb#2e3858&Prime; custom_margin=\u00a0\u00bb5vw||5vw||true\u00a0\u00bb custom_padding=\u00a0\u00bb0px||0px||true\u00a0\u00bb use_custom_width=\u00a0\u00bbon\u00a0\u00bb global_colors_info=\u00a0\u00bb{}\u00a0\u00bb][et_pb_column type=\u00a0\u00bb1_4&Prime; _builder_version=\u00a0\u00bb4.16&Prime; custom_padding=\u00a0\u00bb|||\u00a0\u00bb global_colors_info=\u00a0\u00bb{}\u00a0\u00bb custom_padding__hover=\u00a0\u00bb|||\u00a0\u00bb][et_pb_blurb title=\u00a0\u00bbConfidentialit\u00e9\u00a0\u00bb use_icon=\u00a0\u00bbon\u00a0\u00bb font_icon=\u00a0\u00bb&#xe06c;||divi||400&Prime; icon_color=\u00a0\u00bb#ffffff\u00a0\u00bb _builder_version=\u00a0\u00bb4.16&Prime; header_font=\u00a0\u00bbSource Sans Pro|||on|||||\u00a0\u00bb header_text_color=\u00a0\u00bb#ffffff\u00a0\u00bb header_letter_spacing=\u00a0\u00bb2px\u00a0\u00bb body_font=\u00a0\u00bb||||||||\u00a0\u00bb body_text_color=\u00a0\u00bb#ffffff\u00a0\u00bb background_color=\u00a0\u00bb#1f4287&Prime; custom_margin=\u00a0\u00bb-5vw||-5vw||true\u00a0\u00bb custom_margin_tablet=\u00a0\u00bb0px||0px||true\u00a0\u00bb custom_margin_phone=\u00a0\u00bb\u00a0\u00bb custom_margin_last_edited=\u00a0\u00bbon|tablet\u00a0\u00bb custom_padding=\u00a0\u00bb5vw|3vw|5vw|3vw|true|true\u00a0\u00bb box_shadow_style=\u00a0\u00bbpreset1&Prime; box_shadow_blur=\u00a0\u00bb80px\u00a0\u00bb global_colors_info=\u00a0\u00bb{}\u00a0\u00bb]<\/p>\n<p>iBros autant qu&rsquo;Apple prend au s\u00e9rieux la Confidentialit\u00e9 des vos donn\u00e9es.<\/p>\n<p>[\/et_pb_blurb][\/et_pb_column][et_pb_column type=\u00a0\u00bb1_4&Prime; _builder_version=\u00a0\u00bb4.16&Prime; custom_padding=\u00a0\u00bb|||\u00a0\u00bb global_colors_info=\u00a0\u00bb{}\u00a0\u00bb custom_padding__hover=\u00a0\u00bb|||\u00a0\u00bb][et_pb_blurb title=\u00a0\u00bbMot de passe reste secret\u00a0\u00bb use_icon=\u00a0\u00bbon\u00a0\u00bb font_icon=\u00a0\u00bb&#xe001;||divi||400&Prime; icon_placement=\u00a0\u00bbleft\u00a0\u00bb _builder_version=\u00a0\u00bb4.16&Prime; header_font=\u00a0\u00bb||||||||\u00a0\u00bb header_text_color=\u00a0\u00bb#ffffff\u00a0\u00bb custom_padding=\u00a0\u00bb20px|3px|20px|3px|true|true\u00a0\u00bb global_colors_info=\u00a0\u00bb{}\u00a0\u00bb][\/et_pb_blurb][et_pb_blurb title=\u00a0\u00bbR\u00e9paration devant vous\u00a0\u00bb use_icon=\u00a0\u00bbon\u00a0\u00bb font_icon=\u00a0\u00bb&#xe035;||divi||400&Prime; icon_placement=\u00a0\u00bbleft\u00a0\u00bb _builder_version=\u00a0\u00bb4.16&Prime; header_font=\u00a0\u00bb||||||||\u00a0\u00bb header_text_color=\u00a0\u00bb#ffffff\u00a0\u00bb custom_padding=\u00a0\u00bb20px|3px|20px|3px|true|true\u00a0\u00bb global_colors_info=\u00a0\u00bb{}\u00a0\u00bb][\/et_pb_blurb][et_pb_blurb title=\u00a0\u00bbTransparence de la proc\u00e9dure \u00a0\u00bb use_icon=\u00a0\u00bbon\u00a0\u00bb font_icon=\u00a0\u00bb&#xe0ff;||divi||400&Prime; icon_placement=\u00a0\u00bbleft\u00a0\u00bb _builder_version=\u00a0\u00bb4.16&Prime; header_font=\u00a0\u00bb||||||||\u00a0\u00bb header_text_color=\u00a0\u00bb#ffffff\u00a0\u00bb custom_padding=\u00a0\u00bb20px|3px|20px|3px|true|true\u00a0\u00bb global_colors_info=\u00a0\u00bb{}\u00a0\u00bb][\/et_pb_blurb][\/et_pb_column][et_pb_column type=\u00a0\u00bb1_4&Prime; _builder_version=\u00a0\u00bb4.16&Prime; custom_padding=\u00a0\u00bb|||\u00a0\u00bb global_colors_info=\u00a0\u00bb{}\u00a0\u00bb custom_padding__hover=\u00a0\u00bb|||\u00a0\u00bb][et_pb_blurb title=\u00a0\u00bbConfidentialit\u00e9\u00a0\u00bb use_icon=\u00a0\u00bbon\u00a0\u00bb font_icon=\u00a0\u00bb&#x68;||divi||400&Prime; icon_color=\u00a0\u00bb#ffffff\u00a0\u00bb _builder_version=\u00a0\u00bb4.16&Prime; header_font=\u00a0\u00bbSource Sans Pro|||on|||||\u00a0\u00bb header_text_color=\u00a0\u00bb#ffffff\u00a0\u00bb header_letter_spacing=\u00a0\u00bb2px\u00a0\u00bb body_font=\u00a0\u00bb||||||||\u00a0\u00bb body_text_color=\u00a0\u00bb#ffffff\u00a0\u00bb background_color=\u00a0\u00bb#509aaf\u00a0\u00bb custom_margin=\u00a0\u00bb-5vw||-5vw||true\u00a0\u00bb custom_margin_tablet=\u00a0\u00bb0px||0px||true\u00a0\u00bb custom_margin_phone=\u00a0\u00bb\u00a0\u00bb custom_margin_last_edited=\u00a0\u00bbon|tablet\u00a0\u00bb custom_padding=\u00a0\u00bb5vw|3vw|5vw|3vw|true|true\u00a0\u00bb box_shadow_style=\u00a0\u00bbpreset1&Prime; box_shadow_blur=\u00a0\u00bb80px\u00a0\u00bb locked=\u00a0\u00bboff\u00a0\u00bb global_colors_info=\u00a0\u00bb{}\u00a0\u00bb]<\/p>\n<p>Les transferts de vos\u00a0donn\u00e9es, s&rsquo;effectuent sur votre disque dur externe en votre pr\u00e9sence.<\/p>\n<p>[\/et_pb_blurb][\/et_pb_column][et_pb_column type=\u00a0\u00bb1_4&Prime; _builder_version=\u00a0\u00bb4.16&Prime; custom_padding=\u00a0\u00bb|||\u00a0\u00bb global_colors_info=\u00a0\u00bb{}\u00a0\u00bb custom_padding__hover=\u00a0\u00bb|||\u00a0\u00bb][et_pb_blurb title=\u00a0\u00bbVos donn\u00e9es restent votre propri\u00e9t\u00e9\u00a0\u00bb use_icon=\u00a0\u00bbon\u00a0\u00bb font_icon=\u00a0\u00bb&#xe001;||divi||400&Prime; icon_placement=\u00a0\u00bbleft\u00a0\u00bb _builder_version=\u00a0\u00bb4.16&Prime; header_font=\u00a0\u00bb||||||||\u00a0\u00bb header_text_color=\u00a0\u00bb#ffffff\u00a0\u00bb custom_padding=\u00a0\u00bb20px|3px|20px|3px|true|true\u00a0\u00bb global_colors_info=\u00a0\u00bb{}\u00a0\u00bb][\/et_pb_blurb][et_pb_blurb title=\u00a0\u00bbTransfert devant vous\u00a0\u00bb use_icon=\u00a0\u00bbon\u00a0\u00bb font_icon=\u00a0\u00bb&#xe035;||divi||400&Prime; icon_placement=\u00a0\u00bbleft\u00a0\u00bb _builder_version=\u00a0\u00bb4.16&Prime; header_font=\u00a0\u00bb||||||||\u00a0\u00bb header_text_color=\u00a0\u00bb#ffffff\u00a0\u00bb custom_padding=\u00a0\u00bb20px|3px|20px|3px|true|true\u00a0\u00bb global_colors_info=\u00a0\u00bb{}\u00a0\u00bb][\/et_pb_blurb][et_pb_blurb title=\u00a0\u00bbTransparence de la proc\u00e9dure \u00a0\u00bb use_icon=\u00a0\u00bbon\u00a0\u00bb font_icon=\u00a0\u00bb&#xe0ff;||divi||400&Prime; icon_placement=\u00a0\u00bbleft\u00a0\u00bb _builder_version=\u00a0\u00bb4.16&Prime; header_font=\u00a0\u00bb||||||||\u00a0\u00bb header_text_color=\u00a0\u00bb#ffffff\u00a0\u00bb custom_padding=\u00a0\u00bb20px|3px|20px|3px|true|true\u00a0\u00bb global_colors_info=\u00a0\u00bb{}\u00a0\u00bb][\/et_pb_blurb][\/et_pb_column][\/et_pb_row][\/et_pb_section][et_pb_section fb_built=\u00a0\u00bb1&Prime; _builder_version=\u00a0\u00bb4.16&Prime; global_colors_info=\u00a0\u00bb{}\u00a0\u00bb][et_pb_row _builder_version=\u00a0\u00bb4.16&Prime; global_colors_info=\u00a0\u00bb{}\u00a0\u00bb][et_pb_column type=\u00a0\u00bb4_4&Prime; _builder_version=\u00a0\u00bb4.16&Prime; custom_padding=\u00a0\u00bb|||\u00a0\u00bb global_colors_info=\u00a0\u00bb{}\u00a0\u00bb custom_padding__hover=\u00a0\u00bb|||\u00a0\u00bb][et_pb_button button_url=\u00a0\u00bb\/nous%20contacter\u00a0\u00bb button_text=\u00a0\u00bbDevis Gratuit\u00a0\u00bb button_alignment=\u00a0\u00bbcenter\u00a0\u00bb _builder_version=\u00a0\u00bb4.16&Prime; custom_button=\u00a0\u00bbon\u00a0\u00bb button_text_size=\u00a0\u00bb24px\u00a0\u00bb button_text_color=\u00a0\u00bb#0c71c3&Prime; button_border_width=\u00a0\u00bb2px\u00a0\u00bb button_border_radius=\u00a0\u00bb31px\u00a0\u00bb button_letter_spacing=\u00a0\u00bb0px\u00a0\u00bb button_font=\u00a0\u00bbMontserrat||||||||\u00a0\u00bb button_icon=\u00a0\u00bb&#x52;||divi||400&Prime; button_on_hover=\u00a0\u00bboff\u00a0\u00bb custom_margin=\u00a0\u00bb-5px|||-36px\u00a0\u00bb custom_padding=\u00a0\u00bb2px||1px|\u00a0\u00bb animation_style=\u00a0\u00bbfade\u00a0\u00bb button_text_color_hover=\u00a0\u00bb#ffffff\u00a0\u00bb button_border_color_hover=\u00a0\u00bb#000000&Prime; button_border_radius_hover=\u00a0\u00bb13px\u00a0\u00bb button_bg_color_hover=\u00a0\u00bb#0c71c3&Prime; global_colors_info=\u00a0\u00bb{}\u00a0\u00bb button_text_size__hover_enabled=\u00a0\u00bboff\u00a0\u00bb button_one_text_size__hover_enabled=\u00a0\u00bboff\u00a0\u00bb button_two_text_size__hover_enabled=\u00a0\u00bboff\u00a0\u00bb button_text_color__hover_enabled=\u00a0\u00bbon\u00a0\u00bb button_text_color__hover=\u00a0\u00bb#ffffff\u00a0\u00bb button_one_text_color__hover_enabled=\u00a0\u00bboff\u00a0\u00bb button_two_text_color__hover_enabled=\u00a0\u00bboff\u00a0\u00bb button_border_width__hover_enabled=\u00a0\u00bboff\u00a0\u00bb button_one_border_width__hover_enabled=\u00a0\u00bboff\u00a0\u00bb button_two_border_width__hover_enabled=\u00a0\u00bboff\u00a0\u00bb button_border_color__hover_enabled=\u00a0\u00bbon\u00a0\u00bb button_border_color__hover=\u00a0\u00bb#000000&Prime; button_one_border_color__hover_enabled=\u00a0\u00bboff\u00a0\u00bb button_two_border_color__hover_enabled=\u00a0\u00bboff\u00a0\u00bb button_border_radius__hover_enabled=\u00a0\u00bbon\u00a0\u00bb button_border_radius__hover=\u00a0\u00bb13px\u00a0\u00bb button_one_border_radius__hover_enabled=\u00a0\u00bboff\u00a0\u00bb button_two_border_radius__hover_enabled=\u00a0\u00bboff\u00a0\u00bb button_letter_spacing__hover_enabled=\u00a0\u00bboff\u00a0\u00bb button_one_letter_spacing__hover_enabled=\u00a0\u00bboff\u00a0\u00bb button_two_letter_spacing__hover_enabled=\u00a0\u00bboff\u00a0\u00bb button_bg_color__hover_enabled=\u00a0\u00bbon\u00a0\u00bb button_bg_color__hover=\u00a0\u00bb#0c71c3&Prime; button_one_bg_color__hover_enabled=\u00a0\u00bboff\u00a0\u00bb button_two_bg_color__hover_enabled=\u00a0\u00bboff\u00a0\u00bb][\/et_pb_button][\/et_pb_column][\/et_pb_row][\/et_pb_section]<\/p>\n","protected":false},"excerpt":{"rendered":"<p>Ibros, vous propose une mise \u00e0 jour syst\u00e8me, apr\u00e8s la r\u00e9paration de votre iMac et Macbook Pro en Guadeloupe. . \ud83d\udce2 Boostez votre iMac 2017 en Guadeloupe ! \ud83d\udc0c Votre\u00a0iMac 2017\u00a0rame trop ? C\u2019est normal avec son\u00a0disque dur lent et qui se d\u00e9grade naturellement avec le temps, et seulement 8 Go de m\u00e9moire RAM\u00a0! \ud83d\udc0c [&hellip;]<\/p>\n","protected":false},"author":1,"featured_media":0,"parent":0,"menu_order":0,"comment_status":"closed","ping_status":"closed","template":"","meta":{"_et_pb_use_builder":"on","_et_pb_old_content":"<p>[et_pb_section bb_built=\"1\"][et_pb_row][\/et_pb_row][\/et_pb_section]<\/p>","_et_gb_content_width":"","footnotes":""},"class_list":["post-1084","page","type-page","status-publish","hentry"],"yoast_head":"<!-- This site is optimized with the Yoast SEO plugin v26.6 - https:\/\/yoast.com\/wordpress\/plugins\/seo\/ -->\n<title>R\u00e9paration, diagnostic et entretien d&#039;iMac Macbook Pro en Guadeloupe.<\/title>\n<meta name=\"description\" content=\"R\u00e9paration et upgrade de votre iMac , d\u00e9couvrez nos offres exclusives pour les Mac Users. D\u00e9boguage syst\u00e8me, conseil et coaching par un Expert.\" \/>\n<meta name=\"robots\" content=\"index, follow, max-snippet:-1, max-image-preview:large, max-video-preview:-1\" \/>\n<link rel=\"canonical\" href=\"https:\/\/www.ibros.fr\/?page_id=1084\" \/>\n<meta property=\"og:locale\" content=\"fr_FR\" \/>\n<meta property=\"og:type\" content=\"article\" \/>\n<meta property=\"og:title\" content=\"R\u00e9paration, diagnostic et entretien d&#039;iMac Macbook Pro en Guadeloupe.\" \/>\n<meta property=\"og:description\" content=\"R\u00e9paration et upgrade de votre iMac , d\u00e9couvrez nos offres exclusives pour les Mac Users. D\u00e9boguage syst\u00e8me, conseil et coaching par un Expert.\" \/>\n<meta property=\"og:url\" content=\"https:\/\/www.ibros.fr\/?page_id=1084\" \/>\n<meta property=\"og:site_name\" content=\"Ibros\" \/>\n<meta property=\"article:publisher\" content=\"https:\/\/www.facebook.com\/IBros-Informatique-de-proximit%c3%a9-697463817307367\/\" \/>\n<meta property=\"article:modified_time\" content=\"2025-06-19T14:43:41+00:00\" \/>\n<meta name=\"twitter:label1\" content=\"Dur\u00e9e de lecture estim\u00e9e\" \/>\n\t<meta name=\"twitter:data1\" content=\"16 minutes\" \/>\n<script type=\"application\/ld+json\" class=\"yoast-schema-graph\">{\"@context\":\"https:\/\/schema.org\",\"@graph\":[{\"@type\":\"WebPage\",\"@id\":\"https:\/\/www.ibros.fr\/?page_id=1084\",\"url\":\"https:\/\/www.ibros.fr\/?page_id=1084\",\"name\":\"R\u00e9paration, diagnostic et entretien d'iMac Macbook Pro en Guadeloupe.\",\"isPartOf\":{\"@id\":\"http:\/\/www.ibros.fr\/#website\"},\"datePublished\":\"2018-09-17T21:45:47+00:00\",\"dateModified\":\"2025-06-19T14:43:41+00:00\",\"description\":\"R\u00e9paration et upgrade de votre iMac , d\u00e9couvrez nos offres exclusives pour les Mac Users. D\u00e9boguage syst\u00e8me, conseil et coaching par un Expert.\",\"breadcrumb\":{\"@id\":\"https:\/\/www.ibros.fr\/?page_id=1084#breadcrumb\"},\"inLanguage\":\"fr-FR\",\"potentialAction\":[{\"@type\":\"ReadAction\",\"target\":[\"https:\/\/www.ibros.fr\/?page_id=1084\"]}]},{\"@type\":\"BreadcrumbList\",\"@id\":\"https:\/\/www.ibros.fr\/?page_id=1084#breadcrumb\",\"itemListElement\":[{\"@type\":\"ListItem\",\"position\":1,\"name\":\"Accueil\",\"item\":\"http:\/\/www.ibros.fr\/\"},{\"@type\":\"ListItem\",\"position\":2,\"name\":\"reparation mac\"}]},{\"@type\":\"WebSite\",\"@id\":\"http:\/\/www.ibros.fr\/#website\",\"url\":\"http:\/\/www.ibros.fr\/\",\"name\":\"Ibros\",\"description\":\"E-marketing de proximit\u00e9\",\"publisher\":{\"@id\":\"http:\/\/www.ibros.fr\/#organization\"},\"potentialAction\":[{\"@type\":\"SearchAction\",\"target\":{\"@type\":\"EntryPoint\",\"urlTemplate\":\"http:\/\/www.ibros.fr\/?s={search_term_string}\"},\"query-input\":{\"@type\":\"PropertyValueSpecification\",\"valueRequired\":true,\"valueName\":\"search_term_string\"}}],\"inLanguage\":\"fr-FR\"},{\"@type\":\"Organization\",\"@id\":\"http:\/\/www.ibros.fr\/#organization\",\"name\":\"iBros\",\"url\":\"http:\/\/www.ibros.fr\/\",\"logo\":{\"@type\":\"ImageObject\",\"inLanguage\":\"fr-FR\",\"@id\":\"http:\/\/www.ibros.fr\/#\/schema\/logo\/image\/\",\"url\":\"https:\/\/www.ibros.fr\/wp-content\/uploads\/2018\/10\/55287d3e-4eea-4329-8cbe-166227f51754.png\",\"contentUrl\":\"https:\/\/www.ibros.fr\/wp-content\/uploads\/2018\/10\/55287d3e-4eea-4329-8cbe-166227f51754.png\",\"width\":200,\"height\":200,\"caption\":\"iBros\"},\"image\":{\"@id\":\"http:\/\/www.ibros.fr\/#\/schema\/logo\/image\/\"},\"sameAs\":[\"https:\/\/www.facebook.com\/IBros-Informatique-de-proximit\u00e9-697463817307367\/\"]}]}<\/script>\n<!-- \/ Yoast SEO plugin. -->","yoast_head_json":{"title":"R\u00e9paration, diagnostic et entretien d'iMac Macbook Pro en Guadeloupe.","description":"R\u00e9paration et upgrade de votre iMac , d\u00e9couvrez nos offres exclusives pour les Mac Users. D\u00e9boguage syst\u00e8me, conseil et coaching par un Expert.","robots":{"index":"index","follow":"follow","max-snippet":"max-snippet:-1","max-image-preview":"max-image-preview:large","max-video-preview":"max-video-preview:-1"},"canonical":"https:\/\/www.ibros.fr\/?page_id=1084","og_locale":"fr_FR","og_type":"article","og_title":"R\u00e9paration, diagnostic et entretien d'iMac Macbook Pro en Guadeloupe.","og_description":"R\u00e9paration et upgrade de votre iMac , d\u00e9couvrez nos offres exclusives pour les Mac Users. D\u00e9boguage syst\u00e8me, conseil et coaching par un Expert.","og_url":"https:\/\/www.ibros.fr\/?page_id=1084","og_site_name":"Ibros","article_publisher":"https:\/\/www.facebook.com\/IBros-Informatique-de-proximit%c3%a9-697463817307367\/","article_modified_time":"2025-06-19T14:43:41+00:00","twitter_misc":{"Dur\u00e9e de lecture estim\u00e9e":"16 minutes"},"schema":{"@context":"https:\/\/schema.org","@graph":[{"@type":"WebPage","@id":"https:\/\/www.ibros.fr\/?page_id=1084","url":"https:\/\/www.ibros.fr\/?page_id=1084","name":"R\u00e9paration, diagnostic et entretien d'iMac Macbook Pro en Guadeloupe.","isPartOf":{"@id":"http:\/\/www.ibros.fr\/#website"},"datePublished":"2018-09-17T21:45:47+00:00","dateModified":"2025-06-19T14:43:41+00:00","description":"R\u00e9paration et upgrade de votre iMac , d\u00e9couvrez nos offres exclusives pour les Mac Users. D\u00e9boguage syst\u00e8me, conseil et coaching par un Expert.","breadcrumb":{"@id":"https:\/\/www.ibros.fr\/?page_id=1084#breadcrumb"},"inLanguage":"fr-FR","potentialAction":[{"@type":"ReadAction","target":["https:\/\/www.ibros.fr\/?page_id=1084"]}]},{"@type":"BreadcrumbList","@id":"https:\/\/www.ibros.fr\/?page_id=1084#breadcrumb","itemListElement":[{"@type":"ListItem","position":1,"name":"Accueil","item":"http:\/\/www.ibros.fr\/"},{"@type":"ListItem","position":2,"name":"reparation mac"}]},{"@type":"WebSite","@id":"http:\/\/www.ibros.fr\/#website","url":"http:\/\/www.ibros.fr\/","name":"Ibros","description":"E-marketing de proximit\u00e9","publisher":{"@id":"http:\/\/www.ibros.fr\/#organization"},"potentialAction":[{"@type":"SearchAction","target":{"@type":"EntryPoint","urlTemplate":"http:\/\/www.ibros.fr\/?s={search_term_string}"},"query-input":{"@type":"PropertyValueSpecification","valueRequired":true,"valueName":"search_term_string"}}],"inLanguage":"fr-FR"},{"@type":"Organization","@id":"http:\/\/www.ibros.fr\/#organization","name":"iBros","url":"http:\/\/www.ibros.fr\/","logo":{"@type":"ImageObject","inLanguage":"fr-FR","@id":"http:\/\/www.ibros.fr\/#\/schema\/logo\/image\/","url":"https:\/\/www.ibros.fr\/wp-content\/uploads\/2018\/10\/55287d3e-4eea-4329-8cbe-166227f51754.png","contentUrl":"https:\/\/www.ibros.fr\/wp-content\/uploads\/2018\/10\/55287d3e-4eea-4329-8cbe-166227f51754.png","width":200,"height":200,"caption":"iBros"},"image":{"@id":"http:\/\/www.ibros.fr\/#\/schema\/logo\/image\/"},"sameAs":["https:\/\/www.facebook.com\/IBros-Informatique-de-proximit\u00e9-697463817307367\/"]}]}},"_links":{"self":[{"href":"https:\/\/www.ibros.fr\/index.php?rest_route=\/wp\/v2\/pages\/1084","targetHints":{"allow":["GET"]}}],"collection":[{"href":"https:\/\/www.ibros.fr\/index.php?rest_route=\/wp\/v2\/pages"}],"about":[{"href":"https:\/\/www.ibros.fr\/index.php?rest_route=\/wp\/v2\/types\/page"}],"author":[{"embeddable":true,"href":"https:\/\/www.ibros.fr\/index.php?rest_route=\/wp\/v2\/users\/1"}],"replies":[{"embeddable":true,"href":"https:\/\/www.ibros.fr\/index.php?rest_route=%2Fwp%2Fv2%2Fcomments&post=1084"}],"version-history":[{"count":37,"href":"https:\/\/www.ibros.fr\/index.php?rest_route=\/wp\/v2\/pages\/1084\/revisions"}],"predecessor-version":[{"id":50227,"href":"https:\/\/www.ibros.fr\/index.php?rest_route=\/wp\/v2\/pages\/1084\/revisions\/50227"}],"wp:attachment":[{"href":"https:\/\/www.ibros.fr\/index.php?rest_route=%2Fwp%2Fv2%2Fmedia&parent=1084"}],"curies":[{"name":"wp","href":"https:\/\/api.w.org\/{rel}","templated":true}]}}